{"id":399,"date":"2015-02-11T00:30:07","date_gmt":"2015-02-11T00:30:07","guid":{"rendered":"http:\/\/alfredogarcia.com\/english\/?page_id=399"},"modified":"2019-11-03T18:40:57","modified_gmt":"2019-11-03T18:40:57","slug":"gallery","status":"publish","type":"page","link":"https:\/\/alfredogarcia.com\/english\/gallery\/","title":{"rendered":"Gallery"},"content":{"rendered":"[et_pb_section fb_built=&#8221;1&#8243; inner_shadow=&#8221;on&#8221; fullwidth=&#8221;on&#8221; custom_padding_last_edited=&#8221;on|desktop&#8221; admin_label=&#8221;section&#8221; _builder_version=&#8221;4.0.5&#8243; background_color=&#8221;#ffffff&#8221; background_image=&#8221;https:\/\/alfredogarcia.com\/english\/wp-content\/uploads\/sites\/5\/2015\/06\/Alfredo8-244b.jpg&#8221; parallax=&#8221;on&#8221; parallax_method=&#8221;off&#8221; custom_padding_tablet=&#8221;50px|0|50px|0&#8243; custom_padding_phone=&#8221;&#8221; hover_enabled=&#8221;0&#8243; transparent_background=&#8221;off&#8221; padding_mobile=&#8221;off&#8221; disabled_on=&#8221;on|off|off&#8221;][et_pb_fullwidth_header title=&#8221;THE GALLERY&#8221; text_orientation=&#8221;center&#8221; header_fullscreen=&#8221;on&#8221; header_scroll_down=&#8221;on&#8221; scroll_down_icon=&#8221;%%1%%&#8221; admin_label=&#8221;T\u00edtulo de anchura completa&#8221; _builder_version=&#8221;3.16&#8243; title_font_size=&#8221;46&#8243; content_font=&#8221;Old Standard TT|on|||&#8221; content_font_size=&#8221;12&#8243; background_color=&#8221;rgba(255, 255, 255, 0)&#8221; button_one_letter_spacing_hover=&#8221;0&#8243; button_two_letter_spacing_hover=&#8221;0&#8243; saved_tabs=&#8221;all&#8221; button_one_text_size__hover_enabled=&#8221;off&#8221; button_two_text_size__hover_enabled=&#8221;off&#8221; button_one_text_color__hover_enabled=&#8221;off&#8221; button_two_text_color__hover_enabled=&#8221;off&#8221; button_one_border_width__hover_enabled=&#8221;off&#8221; button_two_border_width__hover_enabled=&#8221;off&#8221; button_one_border_color__hover_enabled=&#8221;off&#8221; button_two_border_color__hover_enabled=&#8221;off&#8221; button_one_border_radius__hover_enabled=&#8221;off&#8221; button_two_border_radius__hover_enabled=&#8221;off&#8221; button_one_letter_spacing__hover_enabled=&#8221;on&#8221; button_one_letter_spacing__hover=&#8221;0&#8243; button_two_letter_spacing__hover_enabled=&#8221;on&#8221; button_two_letter_spacing__hover=&#8221;0&#8243; button_one_bg_color__hover_enabled=&#8221;off&#8221; button_two_bg_color__hover_enabled=&#8221;off&#8221;]\n<p style=\"text-align: left;\"><span style=\"font-size: 12pt;\">________________________________________<\/span><\/p>\n<p style=\"text-align: left;\"><span style=\"font-size: 12pt;\"> Alfredo Garcia showed authority and grandeur<\/span><\/p>\n<p style=\"text-align: left;\"><span style=\"font-size: 12pt;\"><strong>\u00a0 \u00a0 \u00a0 \u00a0 \u00a0 \u00a0 \u00a0 \u00a0 \u00a0 \u00a0 \u00a0 \u00a0 \u00a0 \u00a0 \u00a0 \u00a0 \u00a0 \u00a0 \u00a0 \u00a0 \u00a0 \u00a0 \u00a0 \u00a0 \u00a0 \u00a0 \u00a0 \u00a0 \u00a0 La Raz\u00f3n<\/strong><\/span><\/p>\n[\/et_pb_fullwidth_header][\/et_pb_section][et_pb_section fb_built=&#8221;1&#8243; inner_shadow=&#8221;on&#8221; fullwidth=&#8221;on&#8221; custom_padding_last_edited=&#8221;on|desktop&#8221; admin_label=&#8221;section&#8221; _builder_version=&#8221;4.0.5&#8243; background_color=&#8221;#ffffff&#8221; background_image=&#8221;https:\/\/alfredogarcia.com\/english\/wp-content\/uploads\/sites\/5\/2019\/11\/12-opera_quijote21W.jpg&#8221; parallax=&#8221;on&#8221; parallax_method=&#8221;off&#8221; custom_padding_tablet=&#8221;50px|0|50px|0&#8243; custom_padding_phone=&#8221;&#8221; hover_enabled=&#8221;0&#8243; transparent_background=&#8221;off&#8221; padding_mobile=&#8221;off&#8221; disabled_on=&#8221;off|on|on&#8221;][et_pb_fullwidth_header title=&#8221;THE GALLERY&#8221; text_orientation=&#8221;center&#8221; header_fullscreen=&#8221;on&#8221; header_scroll_down=&#8221;on&#8221; scroll_down_icon=&#8221;%%1%%&#8221; admin_label=&#8221;T\u00edtulo de anchura completa&#8221; _builder_version=&#8221;4.0.5&#8243; title_font_size=&#8221;46&#8243; content_font=&#8221;Old Standard TT|on|||&#8221; content_font_size=&#8221;12&#8243; background_color=&#8221;rgba(255, 255, 255, 0)&#8221; hover_enabled=&#8221;0&#8243; button_one_letter_spacing_hover=&#8221;0&#8243; button_two_letter_spacing_hover=&#8221;0&#8243; saved_tabs=&#8221;all&#8221; button_one_text_size__hover_enabled=&#8221;off&#8221; button_two_text_size__hover_enabled=&#8221;off&#8221; button_one_text_color__hover_enabled=&#8221;off&#8221; button_two_text_color__hover_enabled=&#8221;off&#8221; button_one_border_width__hover_enabled=&#8221;off&#8221; button_two_border_width__hover_enabled=&#8221;off&#8221; button_one_border_color__hover_enabled=&#8221;off&#8221; button_two_border_color__hover_enabled=&#8221;off&#8221; button_one_border_radius__hover_enabled=&#8221;off&#8221; button_two_border_radius__hover_enabled=&#8221;off&#8221; button_one_letter_spacing__hover_enabled=&#8221;on&#8221; button_one_letter_spacing__hover=&#8221;0&#8243; button_two_letter_spacing__hover_enabled=&#8221;on&#8221; button_two_letter_spacing__hover=&#8221;0&#8243; button_one_bg_color__hover_enabled=&#8221;off&#8221; button_two_bg_color__hover_enabled=&#8221;off&#8221; background_overlay_color=&#8221;rgba(0,0,0,0.21)&#8221;]\n<p style=\"text-align: left;\"><span style=\"font-size: 12pt;\">________________________________________<\/span><\/p>\n<p style=\"text-align: left;\"><span style=\"font-size: 12pt;\"> Alfredo Garcia showed authority and grandeur<\/span><\/p>\n<p style=\"text-align: left;\"><span style=\"font-size: 12pt;\"><strong>\u00a0 \u00a0 \u00a0 \u00a0 \u00a0 \u00a0 \u00a0 \u00a0 \u00a0 \u00a0 \u00a0 \u00a0 \u00a0 \u00a0 \u00a0 \u00a0 \u00a0 \u00a0 \u00a0 \u00a0 \u00a0 \u00a0 \u00a0 \u00a0 \u00a0 \u00a0 \u00a0 \u00a0 \u00a0 La Raz\u00f3n<\/strong><\/span><\/p>\n[\/et_pb_fullwidth_header][\/et_pb_section][et_pb_section fb_built=&#8221;1&#8243; admin_label=&#8221;section&#8221; _builder_version=&#8221;3.22.3&#8243;][et_pb_row use_custom_gutter=&#8221;on&#8221; gutter_width=&#8221;1&#8243; padding_mobile=&#8221;off&#8221; admin_label=&#8221;row&#8221; module_class=&#8221; et_pb_row_fullwidth&#8221; _builder_version=&#8221;3.25&#8243; background_size=&#8221;initial&#8221; background_position=&#8221;top_left&#8221; background_repeat=&#8221;repeat&#8221; width=&#8221;100%&#8221; width_tablet=&#8221;100%&#8221; width_phone=&#8221;&#8221; width_last_edited=&#8221;on|desktop&#8221; max_width=&#8221;100%&#8221; max_width_tablet=&#8221;100%&#8221; max_width_phone=&#8221;&#8221; max_width_last_edited=&#8221;on|desktop&#8221; make_fullwidth=&#8221;on&#8221;][et_pb_column type=&#8221;4_4&#8243; _builder_version=&#8221;3.25&#8243; custom_padding=&#8221;|||&#8221; custom_padding__hover=&#8221;|||&#8221;][et_pb_tabs _builder_version=&#8221;3.24&#8243; tab_text_color=&#8221;#969696&#8243; tab_font=&#8221;Old Standard TT||||&#8221; tab_font_size=&#8221;23&#8243; background_size=&#8221;initial&#8221; background_position=&#8221;top_left&#8221; background_repeat=&#8221;repeat&#8221; z_index_tablet=&#8221;500&#8243;][et_pb_tab title=&#8221;STAGE&#8221; _builder_version=&#8221;3.24&#8243; body_font=&#8221;||||&#8221; body_line_height=&#8221;2em&#8221; tab_font=&#8221;Old Standard TT||||&#8221; tab_text_color=&#8221;#bfbfbf&#8221; tab_letter_spacing=&#8221;12&#8243; tab_line_height=&#8221;18&#8243; body_line_height_tablet=&#8221;2em&#8221; body_line_height_phone=&#8221;2em&#8221; tab_letter_spacing_tablet=&#8221;12&#8243; tab_letter_spacing_phone=&#8221;12&#8243; tab_line_height_tablet=&#8221;18&#8243; tab_line_height_phone=&#8221;18&#8243;]\n<div id=\"jig1\" class=\"justified-image-grid jig-f5d903e334b8b42cf13bdf14fbfc7518 jig-preset-2\"><div class=\"jig-clearfix\"><\/div><noscript id=\"jig1-html\" class=\"justified-image-grid-html\" data-lazy-src=\"skiplazyload\" data-src=\"skipunveillazyload\"><ul><li><a href=\"https:\/\/alfredogarcia.com\/english\/wp-content\/uploads\/sites\/5\/2016\/11\/Nueva-imagen-b6-1024x576.jpg\" title=\"Carmen by Bizet\"><img decoding=\"async\" loading=\"lazy\" src=\"https:\/\/alfredogarcia.com\/english\/wp-content\/plugins\/justified-image-grid\/timthumb.php?src=https%3A%2F%2Falfredogarcia.com%2Fenglish%2Fwp-content%2Fuploads%2Fsites%2F5%2F2016%2F11%2FNueva-imagen-b6-1024x576.jpg&amp;h=365&amp;q=90&amp;f=.jpg\" alt=\"Toreador aria\" width=\"648\" height=\"365\" \/><\/a><p class=\"jig-HTMLdescription\">Toreador aria<br\/>Carmen by Bizet<\/p><\/li><li><a href=\"https:\/\/alfredogarcia.com\/english\/wp-content\/uploads\/sites\/5\/2019\/06\/Pl\u00e1cido-Domingo-Alfredo-Garc\u00eda.jpg\" title=\"Concert in M\u00e9xico\"><img decoding=\"async\" loading=\"lazy\" src=\"https:\/\/alfredogarcia.com\/english\/wp-content\/plugins\/justified-image-grid\/timthumb.php?src=https%3A%2F%2Falfredogarcia.com%2Fenglish%2Fwp-content%2Fuploads%2Fsites%2F5%2F2019%2F06%2FPl%C3%A1cido-Domingo-Alfredo-Garc%C3%ADa.jpg&amp;h=365&amp;q=90&amp;f=.jpg\" alt=\"With Pl\u00e1cido Domingo\" width=\"281\" height=\"365\" \/><\/a><p class=\"jig-HTMLdescription\">With Pl\u00e1cido Domingo<br\/>Concert in M\u00e9xico<\/p><\/li><li><a href=\"https:\/\/alfredogarcia.com\/english\/wp-content\/uploads\/sites\/5\/2015\/11\/IMG_1969-901x1024.jpg\" title=\"Orquesta Koan 2, Jos\u00e9 Ram\u00f3n Encinar conductor\"><img decoding=\"async\" loading=\"lazy\" src=\"https:\/\/alfredogarcia.com\/english\/wp-content\/plugins\/justified-image-grid\/timthumb.php?src=https%3A%2F%2Falfredogarcia.com%2Fenglish%2Fwp-content%2Fuploads%2Fsites%2F5%2F2015%2F11%2FIMG_1969-901x1024.jpg&amp;h=365&amp;q=90&amp;f=.jpg\" alt=\"Poulenc &quot;Le bal masqu\u00e9&quot; y Stravinsky &quot;L&#039;historie du soldat&quot;\" width=\"321\" height=\"365\" \/><\/a><p class=\"jig-HTMLdescription\">Poulenc \"Le bal masqu\u00e9\" y Stravinsky \"L'historie du soldat\"<br\/>Orquesta Koan 2, Jos\u00e9 Ram\u00f3n Encinar conductor<\/p><\/li><li><a href=\"https:\/\/alfredogarcia.com\/english\/wp-content\/uploads\/sites\/5\/2015\/11\/IMG_1311c-1024x566.jpg\" title=\"Orquesta Koan 2, Jos\u00e9 Ram\u00f3n Encinar conductor\"><img decoding=\"async\" loading=\"lazy\" src=\"https:\/\/alfredogarcia.com\/english\/wp-content\/plugins\/justified-image-grid\/timthumb.php?src=https%3A%2F%2Falfredogarcia.com%2Fenglish%2Fwp-content%2Fuploads%2Fsites%2F5%2F2015%2F11%2FIMG_1311c-1024x566.jpg&amp;h=365&amp;q=90&amp;f=.jpg\" alt=\"Poulenc &quot;Le bal masqu\u00e9&quot; y Stravinsky &quot;L&#039;historie du soldat&quot;\" width=\"660\" height=\"365\" \/><\/a><p class=\"jig-HTMLdescription\">Poulenc \"Le bal masqu\u00e9\" y Stravinsky \"L'historie du soldat\"<br\/>Orquesta Koan 2, Jos\u00e9 Ram\u00f3n Encinar conductor<\/p><\/li><li><a href=\"https:\/\/alfredogarcia.com\/english\/wp-content\/uploads\/sites\/5\/2015\/11\/IMG_1823-775x1024.jpg\" title=\"Orquesta Koan 2, Jos\u00e9 Ram\u00f3n Encinar conductor\"><img decoding=\"async\" loading=\"lazy\" src=\"https:\/\/alfredogarcia.com\/english\/wp-content\/plugins\/justified-image-grid\/timthumb.php?src=https%3A%2F%2Falfredogarcia.com%2Fenglish%2Fwp-content%2Fuploads%2Fsites%2F5%2F2015%2F11%2FIMG_1823-775x1024.jpg&amp;h=365&amp;q=90&amp;f=.jpg\" alt=\"Poulenc &quot;Le bal masqu\u00e9&quot; y Stravinsky &quot;L&#039;historie du soldat&quot;\" width=\"276\" height=\"365\" \/><\/a><p class=\"jig-HTMLdescription\">Poulenc \"Le bal masqu\u00e9\" y Stravinsky \"L'historie du soldat\"<br\/>Orquesta Koan 2, Jos\u00e9 Ram\u00f3n Encinar conductor<\/p><\/li><li><a href=\"https:\/\/alfredogarcia.com\/english\/wp-content\/uploads\/sites\/5\/2014\/12\/01c3f278bccfc14197a2498cbc78511b653ca3a3e9-1024x743.jpg\" title=\"El Caballero de la Triste Figura by Tom\u00e1s Marco\"><img decoding=\"async\" loading=\"lazy\" src=\"https:\/\/alfredogarcia.com\/english\/wp-content\/plugins\/justified-image-grid\/timthumb.php?src=https%3A%2F%2Falfredogarcia.com%2Fenglish%2Fwp-content%2Fuploads%2Fsites%2F5%2F2014%2F12%2F01c3f278bccfc14197a2498cbc78511b653ca3a3e9-1024x743.jpg&amp;h=365&amp;q=90&amp;f=.jpg\" alt=\"As Don Quijote\" width=\"503\" height=\"365\" \/><\/a><p class=\"jig-HTMLdescription\">As Don Quijote<br\/>El Caballero de la Triste Figura by Tom\u00e1s Marco<\/p><\/li><li><a href=\"https:\/\/alfredogarcia.com\/english\/wp-content\/uploads\/sites\/5\/2014\/12\/12-opera_quijote21-683x1024.jpg\" title=\"El Caballero de la Triste Figura by Tom\u00e1s Marco\"><img decoding=\"async\" loading=\"lazy\" src=\"https:\/\/alfredogarcia.com\/english\/wp-content\/plugins\/justified-image-grid\/timthumb.php?src=https%3A%2F%2Falfredogarcia.com%2Fenglish%2Fwp-content%2Fuploads%2Fsites%2F5%2F2014%2F12%2F12-opera_quijote21-683x1024.jpg&amp;h=365&amp;q=90&amp;f=.jpg\" alt=\"As Don Quijote\" width=\"243\" height=\"365\" \/><\/a><p class=\"jig-HTMLdescription\">As Don Quijote<br\/>El Caballero de la Triste Figura by Tom\u00e1s Marco<\/p><\/li><li><a href=\"https:\/\/alfredogarcia.com\/english\/wp-content\/uploads\/sites\/5\/2014\/12\/IMG_00781-1024x930.jpg\" title=\"El Caballero de la Triste Figura by Tom\u00e1s Marco\"><img decoding=\"async\" loading=\"lazy\" src=\"https:\/\/alfredogarcia.com\/english\/wp-content\/plugins\/justified-image-grid\/timthumb.php?src=https%3A%2F%2Falfredogarcia.com%2Fenglish%2Fwp-content%2Fuploads%2Fsites%2F5%2F2014%2F12%2FIMG_00781-1024x930.jpg&amp;h=365&amp;q=90&amp;f=.jpg\" alt=\"As Don Quijote\" width=\"401\" height=\"365\" \/><\/a><p class=\"jig-HTMLdescription\">As Don Quijote<br\/>El Caballero de la Triste Figura by Tom\u00e1s Marco<\/p><\/li><li><a href=\"https:\/\/alfredogarcia.com\/english\/wp-content\/uploads\/sites\/5\/2015\/02\/CoroDeLaComunidadDeMadrid-JoseManuelJimenez_13-683x1024.jpg\" title=\"El Caballero de la Triste Figura by Tom\u00e1s Marco\"><img decoding=\"async\" loading=\"lazy\" src=\"https:\/\/alfredogarcia.com\/english\/wp-content\/plugins\/justified-image-grid\/timthumb.php?src=https%3A%2F%2Falfredogarcia.com%2Fenglish%2Fwp-content%2Fuploads%2Fsites%2F5%2F2015%2F02%2FCoroDeLaComunidadDeMadrid-JoseManuelJimenez_13-683x1024.jpg&amp;h=365&amp;q=90&amp;f=.jpg\" alt=\"Don Quijote\" width=\"243\" height=\"365\" \/><\/a><p class=\"jig-HTMLdescription\">Don Quijote<br\/>El Caballero de la Triste Figura by Tom\u00e1s Marco<\/p><\/li><li><a href=\"https:\/\/alfredogarcia.com\/english\/wp-content\/uploads\/sites\/5\/2015\/01\/Scan10010-674x1024.jpg\" title=\"Wiener Kammeroper\"><img decoding=\"async\" loading=\"lazy\" src=\"https:\/\/alfredogarcia.com\/english\/wp-content\/plugins\/justified-image-grid\/timthumb.php?src=https%3A%2F%2Falfredogarcia.com%2Fenglish%2Fwp-content%2Fuploads%2Fsites%2F5%2F2015%2F01%2FScan10010-674x1024.jpg&amp;h=365&amp;q=90&amp;f=.jpg\" alt=\"&quot;El Barberillo de Lavapi\u00e9s&quot;. Viena\" width=\"240\" height=\"365\" \/><\/a><p class=\"jig-HTMLdescription\">\"El Barberillo de Lavapi\u00e9s\". Viena<br\/>Wiener Kammeroper<\/p><\/li><li><a href=\"https:\/\/alfredogarcia.com\/english\/wp-content\/uploads\/sites\/5\/2015\/01\/Scan10007-677x1024.jpg\" title=\"Wiener Kammeroper\"><img decoding=\"async\" loading=\"lazy\" src=\"https:\/\/alfredogarcia.com\/english\/wp-content\/plugins\/justified-image-grid\/timthumb.php?src=https%3A%2F%2Falfredogarcia.com%2Fenglish%2Fwp-content%2Fuploads%2Fsites%2F5%2F2015%2F01%2FScan10007-677x1024.jpg&amp;h=365&amp;q=90&amp;f=.jpg\" alt=\"&quot;El Barberillo de Lavapi\u00e9s&quot;. Viena\" width=\"241\" height=\"365\" \/><\/a><p class=\"jig-HTMLdescription\">\"El Barberillo de Lavapi\u00e9s\". Viena<br\/>Wiener Kammeroper<\/p><\/li><li><a href=\"https:\/\/alfredogarcia.com\/english\/wp-content\/uploads\/sites\/5\/2014\/12\/El-Acomodador1b.jpg\" title=\"Opera by Javier Jacinto. Costume by Paco Rabanne\"><img decoding=\"async\" loading=\"lazy\" src=\"https:\/\/alfredogarcia.com\/english\/wp-content\/plugins\/justified-image-grid\/timthumb.php?src=https%3A%2F%2Falfredogarcia.com%2Fenglish%2Fwp-content%2Fuploads%2Fsites%2F5%2F2014%2F12%2FEl-Acomodador1b.jpg&amp;h=365&amp;q=90&amp;f=.jpg\" alt=\"El Acomodador\" width=\"302\" height=\"365\" \/><\/a><p class=\"jig-HTMLdescription\">El Acomodador<br\/>Opera by Javier Jacinto. Costume by Paco Rabanne<\/p><\/li><li><a href=\"https:\/\/alfredogarcia.com\/english\/wp-content\/uploads\/sites\/5\/2014\/12\/AdobePhotoshopExpress_2014_09_25_16_28_30-1024x671.jpg\"><img decoding=\"async\" loading=\"lazy\" src=\"https:\/\/alfredogarcia.com\/english\/wp-content\/plugins\/justified-image-grid\/timthumb.php?src=https%3A%2F%2Falfredogarcia.com%2Fenglish%2Fwp-content%2Fuploads%2Fsites%2F5%2F2014%2F12%2FAdobePhotoshopExpress_2014_09_25_16_28_30-1024x671.jpg&amp;h=365&amp;q=90&amp;f=.jpg\" alt=\"Die Zauberf\u00f6te by Mozart. As Papageno\" width=\"557\" height=\"365\" \/><\/a><p class=\"jig-HTMLdescription\">Die Zauberf\u00f6te by Mozart. As Papageno<br\/><\/p><\/li><li><a href=\"https:\/\/alfredogarcia.com\/english\/wp-content\/uploads\/sites\/5\/2014\/12\/IMG_4853_2-683x1024.jpg\" title=\"Premiere in en Espa\u00f1a, Teatro L\u00f3pe de Vega de Sevilla\"><img decoding=\"async\" loading=\"lazy\" src=\"https:\/\/alfredogarcia.com\/english\/wp-content\/plugins\/justified-image-grid\/timthumb.php?src=https%3A%2F%2Falfredogarcia.com%2Fenglish%2Fwp-content%2Fuploads%2Fsites%2F5%2F2014%2F12%2FIMG_4853_2-683x1024.jpg&amp;h=365&amp;q=90&amp;f=.jpg\" alt=\"Don Giovanni by Gazzaniga\" width=\"243\" height=\"365\" \/><\/a><p class=\"jig-HTMLdescription\">Don Giovanni by Gazzaniga<br\/>Premiere in en Espa\u00f1a, Teatro L\u00f3pe de Vega de Sevilla<\/p><\/li><li><a href=\"https:\/\/alfredogarcia.com\/english\/wp-content\/uploads\/sites\/5\/2014\/12\/IMG_4883-1024x683.jpg\" title=\"Premiere in en Espa\u00f1a, Teatro L\u00f3pe de Vega de Sevilla\"><img decoding=\"async\" loading=\"lazy\" src=\"https:\/\/alfredogarcia.com\/english\/wp-content\/plugins\/justified-image-grid\/timthumb.php?src=https%3A%2F%2Falfredogarcia.com%2Fenglish%2Fwp-content%2Fuploads%2Fsites%2F5%2F2014%2F12%2FIMG_4883-1024x683.jpg&amp;h=365&amp;q=90&amp;f=.jpg\" alt=\"Don Giovanni by Gazzaniga\" width=\"547\" height=\"365\" \/><\/a><p class=\"jig-HTMLdescription\">Don Giovanni by Gazzaniga<br\/>Premiere in en Espa\u00f1a, Teatro L\u00f3pe de Vega de Sevilla<\/p><\/li><li><a href=\"https:\/\/alfredogarcia.com\/english\/wp-content\/uploads\/sites\/5\/2014\/12\/1218791362Bb.jpg\" title=\"Festival Torroella de Montgr\u00ed. Orquesta Enigma, Juanjo Olives conductor\"><img decoding=\"async\" loading=\"lazy\" src=\"https:\/\/alfredogarcia.com\/english\/wp-content\/plugins\/justified-image-grid\/timthumb.php?src=https%3A%2F%2Falfredogarcia.com%2Fenglish%2Fwp-content%2Fuploads%2Fsites%2F5%2F2014%2F12%2F1218791362Bb.jpg&amp;h=365&amp;q=90&amp;f=.jpg\" alt=\"Lament for the Death of Ignacio Sanchez Mej\u00edas  by M. Ohana\" width=\"360\" height=\"365\" \/><\/a><p class=\"jig-HTMLdescription\">Lament for the Death of Ignacio Sanchez Mej\u00edas  by M. Ohana<br\/>Festival Torroella de Montgr\u00ed. Orquesta Enigma, Juanjo Olives conductor<\/p><\/li><li><a href=\"https:\/\/alfredogarcia.com\/english\/wp-content\/uploads\/sites\/5\/2015\/02\/MMG1514-686x1024.jpg\" title=\"Orquesta Enigma. Juan Jos\u00e9 Olives, conductor. Auditorio de Zaragoza.\"><img decoding=\"async\" loading=\"lazy\" src=\"https:\/\/alfredogarcia.com\/english\/wp-content\/plugins\/justified-image-grid\/timthumb.php?src=https%3A%2F%2Falfredogarcia.com%2Fenglish%2Fwp-content%2Fuploads%2Fsites%2F5%2F2015%2F02%2FMMG1514-686x1024.jpg&amp;h=365&amp;q=90&amp;f=.jpg\" alt=\"Retablo de Maese Pedro by Falla\" width=\"244\" height=\"365\" \/><\/a><p class=\"jig-HTMLdescription\">Retablo de Maese Pedro by Falla<br\/>Orquesta Enigma. Juan Jos\u00e9 Olives, conductor. Auditorio de Zaragoza.<\/p><\/li><li><a href=\"https:\/\/alfredogarcia.com\/english\/wp-content\/uploads\/sites\/5\/2015\/02\/230396_2041888613058_3832431_n.jpg\" title=\"Teatro de la Maestranza de Sevilla. Pedro Halffter, conductor. ROSS. \"><img decoding=\"async\" loading=\"lazy\" src=\"https:\/\/alfredogarcia.com\/english\/wp-content\/plugins\/justified-image-grid\/timthumb.php?src=https%3A%2F%2Falfredogarcia.com%2Fenglish%2Fwp-content%2Fuploads%2Fsites%2F5%2F2015%2F02%2F230396_2041888613058_3832431_n.jpg&amp;h=365&amp;q=90&amp;f=.jpg\" alt=\"La Atl\u00e1ntida by Falla\" width=\"485\" height=\"365\" \/><\/a><p class=\"jig-HTMLdescription\">La Atl\u00e1ntida by Falla<br\/>Teatro de la Maestranza de Sevilla. Pedro Halffter, conductor. ROSS. <\/p><\/li><li><a href=\"https:\/\/alfredogarcia.com\/english\/wp-content\/uploads\/sites\/5\/2015\/02\/P1020382-768x1024.jpg\"><img decoding=\"async\" loading=\"lazy\" src=\"https:\/\/alfredogarcia.com\/english\/wp-content\/plugins\/justified-image-grid\/timthumb.php?src=https%3A%2F%2Falfredogarcia.com%2Fenglish%2Fwp-content%2Fuploads%2Fsites%2F5%2F2015%2F02%2FP1020382-768x1024.jpg&amp;h=365&amp;q=90&amp;f=.jpg\" alt=\"Stabat Mater by Dvorak\" width=\"273\" height=\"365\" \/><\/a><p class=\"jig-HTMLdescription\">Stabat Mater by Dvorak<br\/><\/p><\/li><\/ul><\/noscript><\/div>\n\n[\/et_pb_tab][et_pb_tab title=&#8221;BACKSTAGESTAGE&#8221; _builder_version=&#8221;3.24&#8243; body_font=&#8221;||||&#8221; body_line_height=&#8221;2em&#8221; tab_font=&#8221;Old Standard TT||||&#8221; tab_text_color=&#8221;#bfbfbf&#8221; tab_letter_spacing=&#8221;12&#8243; tab_line_height=&#8221;18&#8243; body_line_height_tablet=&#8221;2em&#8221; body_line_height_phone=&#8221;2em&#8221; tab_letter_spacing_tablet=&#8221;12&#8243; tab_letter_spacing_phone=&#8221;12&#8243; tab_line_height_tablet=&#8221;18&#8243; tab_line_height_phone=&#8221;18&#8243;]\n[et_pb_section fb_built=&#8221;1&#8243; _builder_version=&#8221;3.24&#8243; locked=&#8221;off&#8221;][et_pb_row use_custom_gutter=&#8221;on&#8221; gutter_width=&#8221;1&#8243; _builder_version=&#8221;3.24&#8243; width=&#8221;100%&#8221; max_width=&#8221;1455px&#8221;][et_pb_column type=&#8221;4_4&#8243; _builder_version=&#8221;3.24&#8243;][et_pb_text _builder_version=&#8221;3.24&#8243;]\n<div id=\"jig2\" class=\"justified-image-grid jig-08561cee987a27d10bc2683a1f910b3f jig-preset-2\"><div class=\"jig-clearfix\"><\/div><noscript id=\"jig2-html\" class=\"justified-image-grid-html\" data-lazy-src=\"skiplazyload\" data-src=\"skipunveillazyload\"><ul><li><a href=\"https:\/\/alfredogarcia.com\/english\/wp-content\/uploads\/sites\/5\/2019\/04\/FullSizeRender-1024x668.jpg\" title=\"Teatro Campoamor in Oviedo\"><img decoding=\"async\" loading=\"lazy\" src=\"https:\/\/alfredogarcia.com\/english\/wp-content\/plugins\/justified-image-grid\/timthumb.php?src=https%3A%2F%2Falfredogarcia.com%2Fenglish%2Fwp-content%2Fuploads%2Fsites%2F5%2F2019%2F04%2FFullSizeRender-1024x668.jpg&amp;h=365&amp;q=90&amp;f=.jpg\" alt=\"Rehearsals of the Zarzuela &quot;El sobre verde&quot; by Guerrero\" width=\"559\" height=\"365\" \/><\/a><p class=\"jig-HTMLdescription\">Rehearsals of the Zarzuela \"El sobre verde\" by Guerrero<br\/>Teatro Campoamor in Oviedo<\/p><\/li><li><a href=\"https:\/\/alfredogarcia.com\/english\/wp-content\/uploads\/sites\/5\/2017\/06\/Alfredo-Garc\u00eda-bar\u00edtone-Palau-M\u00fasica-Valencia.-Mahler-986x1024.jpg\" title=\"Symphony No. 8 by G. Mahler\"><img decoding=\"async\" loading=\"lazy\" src=\"https:\/\/alfredogarcia.com\/english\/wp-content\/plugins\/justified-image-grid\/timthumb.php?src=https%3A%2F%2Falfredogarcia.com%2Fenglish%2Fwp-content%2Fuploads%2Fsites%2F5%2F2017%2F06%2FAlfredo-Garc%C3%ADa-bar%C3%ADtone-Palau-M%C3%BAsica-Valencia.-Mahler-986x1024.jpg&amp;h=365&amp;q=90&amp;f=.jpg\" alt=\"Signing in the Book of Honour of the Palau de la M\u00fasica in Valencia\" width=\"351\" height=\"365\" \/><\/a><p class=\"jig-HTMLdescription\">Signing in the Book of Honour of the Palau de la M\u00fasica in Valencia<br\/>Symphony No. 8 by G. Mahler<\/p><\/li><li><a href=\"https:\/\/alfredogarcia.com\/english\/wp-content\/uploads\/sites\/5\/2015\/01\/IMG_2882b-1024x979.jpg\" title=\"In Radio Cl\u00e1sica in the  program &quot;L\u00e1 D\u00e1rsena&quot;\"><img decoding=\"async\" loading=\"lazy\" src=\"https:\/\/alfredogarcia.com\/english\/wp-content\/plugins\/justified-image-grid\/timthumb.php?src=https%3A%2F%2Falfredogarcia.com%2Fenglish%2Fwp-content%2Fuploads%2Fsites%2F5%2F2015%2F01%2FIMG_2882b-1024x979.jpg&amp;h=365&amp;q=90&amp;f=.jpg\" alt=\"Beethoven&#039;s Folksongs\" width=\"381\" height=\"365\" \/><\/a><p class=\"jig-HTMLdescription\">Beethoven's Folksongs<br\/>In Radio Cl\u00e1sica in the  program \"L\u00e1 D\u00e1rsena\"<\/p><\/li><li><a href=\"https:\/\/alfredogarcia.com\/english\/wp-content\/uploads\/sites\/5\/2016\/03\/IMG_6945AAA-01b-1024x683.jpeg\" title=\"With Francisco Garc\u00eda Rosado, director of Opera World magazine in the Teatro Real. Foto: Aisha Zehni\"><img decoding=\"async\" loading=\"lazy\" src=\"https:\/\/alfredogarcia.com\/english\/wp-content\/plugins\/justified-image-grid\/timthumb.php?src=https%3A%2F%2Falfredogarcia.com%2Fenglish%2Fwp-content%2Fuploads%2Fsites%2F5%2F2016%2F03%2FIMG_6945AAA-01b-1024x683.jpeg&amp;h=365&amp;q=90&amp;f=.jpeg\" alt=\"Interview for Opera World magazine\" width=\"547\" height=\"365\" \/><\/a><p class=\"jig-HTMLdescription\">Interview for Opera World magazine<br\/>With Francisco Garc\u00eda Rosado, director of Opera World magazine in the Teatro Real. Foto: Aisha Zehni<\/p><\/li><li><a href=\"https:\/\/alfredogarcia.com\/english\/wp-content\/uploads\/sites\/5\/2015\/02\/caee6b0fcb5947f28089ee147dce2f25-1024x725.jpeg\" title=\"Rehearsal of La Vida Breve by Falla. Auditorio Nacional de M\u00fasica de Madrid\"><img decoding=\"async\" loading=\"lazy\" src=\"https:\/\/alfredogarcia.com\/english\/wp-content\/plugins\/justified-image-grid\/timthumb.php?src=https%3A%2F%2Falfredogarcia.com%2Fenglish%2Fwp-content%2Fuploads%2Fsites%2F5%2F2015%2F02%2Fcaee6b0fcb5947f28089ee147dce2f25-1024x725.jpeg&amp;h=365&amp;q=90&amp;f=.jpeg\" alt=\"With Juanjo Mena, conductor\" width=\"515\" height=\"365\" \/><\/a><p class=\"jig-HTMLdescription\">With Juanjo Mena, conductor<br\/>Rehearsal of La Vida Breve by Falla. Auditorio Nacional de M\u00fasica de Madrid<\/p><\/li><li><a href=\"https:\/\/alfredogarcia.com\/english\/wp-content\/uploads\/sites\/5\/2015\/02\/9e318b7f304c45e89d61d331e99cad73-666x1024.jpeg\" title=\"Rehearsals of  La Vida Breve de Falla. Auditorio Nacional de M\u00fasica de Madrid\"><img decoding=\"async\" loading=\"lazy\" src=\"https:\/\/alfredogarcia.com\/english\/wp-content\/plugins\/justified-image-grid\/timthumb.php?src=https%3A%2F%2Falfredogarcia.com%2Fenglish%2Fwp-content%2Fuploads%2Fsites%2F5%2F2015%2F02%2F9e318b7f304c45e89d61d331e99cad73-666x1024.jpeg&amp;h=365&amp;q=90&amp;f=.jpeg\" alt=\"With Cristina Faus, mezzo-soprano\" width=\"237\" height=\"365\" \/><\/a><p class=\"jig-HTMLdescription\">With Cristina Faus, mezzo-soprano<br\/>Rehearsals of  La Vida Breve de Falla. Auditorio Nacional de M\u00fasica de Madrid<\/p><\/li><li><a href=\"https:\/\/alfredogarcia.com\/english\/wp-content\/uploads\/sites\/5\/2015\/02\/roch-al-904x1024.jpg\" title=\"Festival Cl\u00e1sicos en Verano With the  Tr\u00edo Hermeneia. \u00a9 Aisha Zehni\"><img decoding=\"async\" loading=\"lazy\" src=\"https:\/\/alfredogarcia.com\/english\/wp-content\/plugins\/justified-image-grid\/timthumb.php?src=https%3A%2F%2Falfredogarcia.com%2Fenglish%2Fwp-content%2Fuploads%2Fsites%2F5%2F2015%2F02%2Froch-al-904x1024.jpg&amp;h=365&amp;q=90&amp;f=.jpg\" alt=\"Rehearsals of Beethoven&#039;s Folksongs\" width=\"322\" height=\"365\" \/><\/a><p class=\"jig-HTMLdescription\">Rehearsals of Beethoven's Folksongs<br\/>Festival Cl\u00e1sicos en Verano With the  Tr\u00edo Hermeneia. \u00a9 Aisha Zehni<\/p><\/li><li><a href=\"https:\/\/alfredogarcia.com\/english\/wp-content\/uploads\/sites\/5\/2016\/03\/Alfredo-Garc\u00eda-backstage-caballero-1024x732.jpg\" title=\"With Mar\u00eda Jos\u00e9 Su\u00e1rez and Eduardo Santamar\u00eda\"><img decoding=\"async\" loading=\"lazy\" src=\"https:\/\/alfredogarcia.com\/english\/wp-content\/plugins\/justified-image-grid\/timthumb.php?src=https%3A%2F%2Falfredogarcia.com%2Fenglish%2Fwp-content%2Fuploads%2Fsites%2F5%2F2016%2F03%2FAlfredo-Garc%C3%ADa-backstage-caballero-1024x732.jpg&amp;h=365&amp;q=90&amp;f=.jpg\" alt=\"Rehearsal of El Caballero de la Triste Figura by Tom\u00e1s Marco\" width=\"510\" height=\"365\" \/><\/a><p class=\"jig-HTMLdescription\">Rehearsal of El Caballero de la Triste Figura by Tom\u00e1s Marco<br\/>With Mar\u00eda Jos\u00e9 Su\u00e1rez and Eduardo Santamar\u00eda<\/p><\/li><li><a href=\"https:\/\/alfredogarcia.com\/english\/wp-content\/uploads\/sites\/5\/2017\/09\/24082017-_MG_4249b-1024x683.jpg\"><img decoding=\"async\" loading=\"lazy\" src=\"https:\/\/alfredogarcia.com\/english\/wp-content\/plugins\/justified-image-grid\/timthumb.php?src=https%3A%2F%2Falfredogarcia.com%2Fenglish%2Fwp-content%2Fuploads%2Fsites%2F5%2F2017%2F09%2F24082017-_MG_4249b-1024x683.jpg&amp;h=365&amp;q=90&amp;f=.jpg\" alt=\"Interview for Telemadrid before the concert\" width=\"547\" height=\"365\" \/><\/a><p class=\"jig-HTMLdescription\">Interview for Telemadrid before the concert<br\/><\/p><\/li><li><a href=\"https:\/\/alfredogarcia.com\/english\/wp-content\/uploads\/sites\/5\/2015\/02\/IMG_6029.jpg\" title=\"Recording the CD Canciones Cervantinas \u00a9 Aisha Zehni\"><img decoding=\"async\" loading=\"lazy\" src=\"https:\/\/alfredogarcia.com\/english\/wp-content\/plugins\/justified-image-grid\/timthumb.php?src=https%3A%2F%2Falfredogarcia.com%2Fenglish%2Fwp-content%2Fuploads%2Fsites%2F5%2F2015%2F02%2FIMG_6029.jpg&amp;h=365&amp;q=90&amp;f=.jpg\" alt=\"With the pianist Ant\u00f3n Card\u00f3\" width=\"644\" height=\"365\" \/><\/a><p class=\"jig-HTMLdescription\">With the pianist Ant\u00f3n Card\u00f3<br\/>Recording the CD Canciones Cervantinas \u00a9 Aisha Zehni<\/p><\/li><li><a href=\"https:\/\/alfredogarcia.com\/english\/wp-content\/uploads\/sites\/5\/2015\/02\/IMG_6041.jpg\" title=\"Recording the CD Canciones Cervantinas \u00a9 Aisha Zehni\"><img decoding=\"async\" loading=\"lazy\" src=\"https:\/\/alfredogarcia.com\/english\/wp-content\/plugins\/justified-image-grid\/timthumb.php?src=https%3A%2F%2Falfredogarcia.com%2Fenglish%2Fwp-content%2Fuploads%2Fsites%2F5%2F2015%2F02%2FIMG_6041.jpg&amp;h=365&amp;q=90&amp;f=.jpg\" alt=\"Recording session\" width=\"644\" height=\"365\" \/><\/a><p class=\"jig-HTMLdescription\">Recording session<br\/>Recording the CD Canciones Cervantinas \u00a9 Aisha Zehni<\/p><\/li><li><a href=\"https:\/\/alfredogarcia.com\/english\/wp-content\/uploads\/sites\/5\/2015\/02\/IMG_6047.jpg\" title=\"Recording the CD Canciones Cervantinas \u00a9 Aisha Zehni\"><img decoding=\"async\" loading=\"lazy\" src=\"https:\/\/alfredogarcia.com\/english\/wp-content\/plugins\/justified-image-grid\/timthumb.php?src=https%3A%2F%2Falfredogarcia.com%2Fenglish%2Fwp-content%2Fuploads%2Fsites%2F5%2F2015%2F02%2FIMG_6047.jpg&amp;h=365&amp;q=90&amp;f=.jpg\" alt=\"With the pianist Ant\u00f3n Card\u00f3\" width=\"644\" height=\"365\" \/><\/a><p class=\"jig-HTMLdescription\">With the pianist Ant\u00f3n Card\u00f3<br\/>Recording the CD Canciones Cervantinas \u00a9 Aisha Zehni<\/p><\/li><li><a href=\"https:\/\/alfredogarcia.com\/english\/wp-content\/uploads\/sites\/5\/2015\/01\/la-foto-4c.jpg\" title=\"In the program &quot;La D\u00e1rsena&quot; with Jes\u00fas Trujillo\"><img decoding=\"async\" loading=\"lazy\" src=\"https:\/\/alfredogarcia.com\/english\/wp-content\/plugins\/justified-image-grid\/timthumb.php?src=https%3A%2F%2Falfredogarcia.com%2Fenglish%2Fwp-content%2Fuploads%2Fsites%2F5%2F2015%2F01%2Fla-foto-4c.jpg&amp;h=365&amp;q=90&amp;f=.jpg\" alt=\"Interview in Radio Cl\u00e1sica\" width=\"298\" height=\"365\" \/><\/a><p class=\"jig-HTMLdescription\">Interview in Radio Cl\u00e1sica<br\/>In the program \"La D\u00e1rsena\" with Jes\u00fas Trujillo<\/p><\/li><li><a href=\"https:\/\/alfredogarcia.com\/english\/wp-content\/uploads\/sites\/5\/2015\/02\/IMG_2962-1024x800.jpg\" title=\"Interview and performance in the program of  Radio Cl\u00e1sica &quot;La D\u00e1rsena&quot; singing Beethoven&#039;s Folksongs\"><img decoding=\"async\" loading=\"lazy\" src=\"https:\/\/alfredogarcia.com\/english\/wp-content\/plugins\/justified-image-grid\/timthumb.php?src=https%3A%2F%2Falfredogarcia.com%2Fenglish%2Fwp-content%2Fuploads%2Fsites%2F5%2F2015%2F02%2FIMG_2962-1024x800.jpg&amp;h=365&amp;q=90&amp;f=.jpg\" alt=\"With the Tr\u00edo Hermeneia\" width=\"467\" height=\"365\" \/><\/a><p class=\"jig-HTMLdescription\">With the Tr\u00edo Hermeneia<br\/>Interview and performance in the program of  Radio Cl\u00e1sica \"La D\u00e1rsena\" singing Beethoven's Folksongs<\/p><\/li><li><a href=\"https:\/\/alfredogarcia.com\/english\/wp-content\/uploads\/sites\/5\/2015\/02\/IMG_2766b-1024x591.jpg\" title=\"\u00a9 Aisha Zehni\"><img decoding=\"async\" loading=\"lazy\" src=\"https:\/\/alfredogarcia.com\/english\/wp-content\/plugins\/justified-image-grid\/timthumb.php?src=https%3A%2F%2Falfredogarcia.com%2Fenglish%2Fwp-content%2Fuploads%2Fsites%2F5%2F2015%2F02%2FIMG_2766b-1024x591.jpg&amp;h=365&amp;q=90&amp;f=.jpg\" alt=\"With the Tr\u00edo Hermeneia\" width=\"632\" height=\"365\" \/><\/a><p class=\"jig-HTMLdescription\">With the Tr\u00edo Hermeneia<br\/>\u00a9 Aisha Zehni<\/p><\/li><li><a href=\"https:\/\/alfredogarcia.com\/english\/wp-content\/uploads\/sites\/5\/2015\/02\/e38036a0be254acc829012b8db850846-414x1024.jpeg\" title=\"Rehearsal of La Vida Breve by Falla\"><img decoding=\"async\" loading=\"lazy\" src=\"https:\/\/alfredogarcia.com\/english\/wp-content\/plugins\/justified-image-grid\/timthumb.php?src=https%3A%2F%2Falfredogarcia.com%2Fenglish%2Fwp-content%2Fuploads%2Fsites%2F5%2F2015%2F02%2Fe38036a0be254acc829012b8db850846-414x1024.jpeg&amp;h=365&amp;q=90&amp;f=.jpeg\" alt=\"Auditorio Nacional de M\u00fasica de Madrid\" width=\"147\" height=\"365\" \/><\/a><p class=\"jig-HTMLdescription\">Auditorio Nacional de M\u00fasica de Madrid<br\/>Rehearsal of La Vida Breve by Falla<\/p><\/li><li><a href=\"https:\/\/alfredogarcia.com\/english\/wp-content\/uploads\/sites\/5\/2015\/02\/DSC_3281b.jpg\" title=\"DSC_3281b\"><img decoding=\"async\" loading=\"lazy\" src=\"https:\/\/alfredogarcia.com\/english\/wp-content\/plugins\/justified-image-grid\/timthumb.php?src=https%3A%2F%2Falfredogarcia.com%2Fenglish%2Fwp-content%2Fuploads%2Fsites%2F5%2F2015%2F02%2FDSC_3281b.jpg&amp;h=365&amp;q=90&amp;f=.jpg\" alt=\"Recording the CD  &quot;Poems in Prose&quot; by Miguel Pons\" width=\"267\" height=\"365\" \/><\/a><p class=\"jig-HTMLdescription\">Recording the CD  \"Poems in Prose\" by Miguel Pons<br\/>DSC_3281b<\/p><\/li><li><a href=\"https:\/\/alfredogarcia.com\/english\/wp-content\/uploads\/sites\/5\/2015\/02\/ENSAYO-C.DUQUE_03-1024x680.jpg\" title=\"Rehearsals for the concert in the  Festival Meloritmos\"><img decoding=\"async\" loading=\"lazy\" src=\"https:\/\/alfredogarcia.com\/english\/wp-content\/plugins\/justified-image-grid\/timthumb.php?src=https%3A%2F%2Falfredogarcia.com%2Fenglish%2Fwp-content%2Fuploads%2Fsites%2F5%2F2015%2F02%2FENSAYO-C.DUQUE_03-1024x680.jpg&amp;h=365&amp;q=90&amp;f=.jpg\" alt=\"With the pianist Jorge Robaina\" width=\"549\" height=\"365\" \/><\/a><p class=\"jig-HTMLdescription\">With the pianist Jorge Robaina<br\/>Rehearsals for the concert in the  Festival Meloritmos<\/p><\/li><li><a href=\"https:\/\/alfredogarcia.com\/english\/wp-content\/uploads\/sites\/5\/2015\/02\/10608189_10152766944401101_7505359600769178123_o-1024x576.jpg\" title=\"Rehearsal for the recording of the CD Canciones Cervantinas\"><img decoding=\"async\" loading=\"lazy\" src=\"https:\/\/alfredogarcia.com\/english\/wp-content\/plugins\/justified-image-grid\/timthumb.php?src=https%3A%2F%2Falfredogarcia.com%2Fenglish%2Fwp-content%2Fuploads%2Fsites%2F5%2F2015%2F02%2F10608189_10152766944401101_7505359600769178123_o-1024x576.jpg&amp;h=365&amp;q=90&amp;f=.jpg\" alt=\"With the pianist Ant\u00f3n Card\u00f3\" width=\"648\" height=\"365\" \/><\/a><p class=\"jig-HTMLdescription\">With the pianist Ant\u00f3n Card\u00f3<br\/>Rehearsal for the recording of the CD Canciones Cervantinas<\/p><\/li><\/ul><\/noscript><\/div>\n\n[\/et_pb_text][\/et_pb_column][\/et_pb_row][\/et_pb_section]\n\n[\/et_pb_tab][et_pb_tab title=&#8221;FRIENDS&#8221; _builder_version=&#8221;3.24&#8243; body_font=&#8221;||||&#8221; body_line_height=&#8221;2em&#8221; tab_font=&#8221;Old Standard TT||||&#8221; tab_text_color=&#8221;#bfbfbf&#8221; tab_letter_spacing=&#8221;12&#8243; tab_line_height=&#8221;18&#8243; body_line_height_tablet=&#8221;2em&#8221; body_line_height_phone=&#8221;2em&#8221; tab_letter_spacing_tablet=&#8221;12&#8243; tab_letter_spacing_phone=&#8221;12&#8243; tab_line_height_tablet=&#8221;18&#8243; tab_line_height_phone=&#8221;18&#8243;]\n[et_pb_section fb_built=&#8221;1&#8243; _builder_version=&#8221;3.24&#8243; locked=&#8221;off&#8221;][et_pb_row use_custom_gutter=&#8221;on&#8221; gutter_width=&#8221;1&#8243; _builder_version=&#8221;3.24&#8243; width=&#8221;100%&#8221; max_width=&#8221;1455px&#8221;][et_pb_column type=&#8221;4_4&#8243; _builder_version=&#8221;3.24&#8243;][et_pb_text _builder_version=&#8221;3.24&#8243;]\n<div id=\"jig3\" class=\"justified-image-grid jig-0b23fd075bdb25378759bbf2eac12dda jig-preset-2\"><div class=\"jig-clearfix\"><\/div><noscript id=\"jig3-html\" class=\"justified-image-grid-html\" data-lazy-src=\"skiplazyload\" data-src=\"skipunveillazyload\"><ul><li><a href=\"https:\/\/alfredogarcia.com\/english\/wp-content\/uploads\/sites\/5\/2015\/02\/Pl\u00e1cido-Domingo-Alfredo-Garc\u00eda-1024x768.jpg\" title=\"With Pl\u00e1cido Domingo at the Lincoln Center in York\"><img decoding=\"async\" loading=\"lazy\" src=\"https:\/\/alfredogarcia.com\/english\/wp-content\/plugins\/justified-image-grid\/timthumb.php?src=https%3A%2F%2Falfredogarcia.com%2Fenglish%2Fwp-content%2Fuploads%2Fsites%2F5%2F2015%2F02%2FPl%C3%A1cido-Domingo-Alfredo-Garc%C3%ADa-1024x768.jpg&amp;h=365&amp;q=90&amp;f=.jpg\" alt=\"At the Lincoln Center with the New York Philharmonic\" width=\"486\" height=\"365\" \/><\/a><p class=\"jig-HTMLdescription\">At the Lincoln Center with the New York Philharmonic<br\/>With Pl\u00e1cido Domingo at the Lincoln Center in York<\/p><\/li><li><a href=\"https:\/\/alfredogarcia.com\/english\/wp-content\/uploads\/sites\/5\/2015\/02\/10704349_10152752231698523_6657456935134531407_o-1024x768.jpg\" title=\"With Rafael Fr\u00fchbeck de Burgos in New York\"><img decoding=\"async\" loading=\"lazy\" src=\"https:\/\/alfredogarcia.com\/english\/wp-content\/plugins\/justified-image-grid\/timthumb.php?src=https%3A%2F%2Falfredogarcia.com%2Fenglish%2Fwp-content%2Fuploads%2Fsites%2F5%2F2015%2F02%2F10704349_10152752231698523_6657456935134531407_o-1024x768.jpg&amp;h=365&amp;q=90&amp;f=.jpg\" alt=\"Lincoln Center and the New York Philharmonic\" width=\"486\" height=\"365\" \/><\/a><p class=\"jig-HTMLdescription\">Lincoln Center and the New York Philharmonic<br\/>With Rafael Fr\u00fchbeck de Burgos in New York<\/p><\/li><li><a href=\"https:\/\/alfredogarcia.com\/english\/wp-content\/uploads\/sites\/5\/2015\/02\/2012-11-08-22.15.21-HDR-765x1024.jpg\" title=\"With Nancy Fabiola Herrera, mezzo-soprano\"><img decoding=\"async\" loading=\"lazy\" src=\"https:\/\/alfredogarcia.com\/english\/wp-content\/plugins\/justified-image-grid\/timthumb.php?src=https%3A%2F%2Falfredogarcia.com%2Fenglish%2Fwp-content%2Fuploads%2Fsites%2F5%2F2015%2F02%2F2012-11-08-22.15.21-HDR-765x1024.jpg&amp;h=365&amp;q=90&amp;f=.jpg\" alt=\"In Los Angeles with Los Angeles Philharmonic\" width=\"272\" height=\"365\" \/><\/a><p class=\"jig-HTMLdescription\">In Los Angeles with Los Angeles Philharmonic<br\/>With Nancy Fabiola Herrera, mezzo-soprano<\/p><\/li><li><a href=\"https:\/\/alfredogarcia.com\/english\/wp-content\/uploads\/sites\/5\/2017\/06\/FullSizeRender-1024x817.jpg\" title=\"With Juanjo Mena, conductor, Elena de la Merced, soprano and Jos\u00e9 Manuel S\u00e1nchez, tenor.\"><img decoding=\"async\" loading=\"lazy\" src=\"https:\/\/alfredogarcia.com\/english\/wp-content\/plugins\/justified-image-grid\/timthumb.php?src=https%3A%2F%2Falfredogarcia.com%2Fenglish%2Fwp-content%2Fuploads%2Fsites%2F5%2F2017%2F06%2FFullSizeRender-1024x817.jpg&amp;h=365&amp;q=90&amp;f=.jpg\" alt=\"Master Peter&#039;s Puppet Show by Falla with the National Orchestra of Spain\" width=\"457\" height=\"365\" \/><\/a><p class=\"jig-HTMLdescription\">Master Peter's Puppet Show by Falla with the National Orchestra of Spain<br\/>With Juanjo Mena, conductor, Elena de la Merced, soprano and Jos\u00e9 Manuel S\u00e1nchez, tenor.<\/p><\/li><li><a href=\"https:\/\/alfredogarcia.com\/english\/wp-content\/uploads\/sites\/5\/2015\/11\/IMG_0410-1024x528.jpg\" title=\"With the journalist Alicia Perris\"><img decoding=\"async\" loading=\"lazy\" src=\"https:\/\/alfredogarcia.com\/english\/wp-content\/plugins\/justified-image-grid\/timthumb.php?src=https%3A%2F%2Falfredogarcia.com%2Fenglish%2Fwp-content%2Fuploads%2Fsites%2F5%2F2015%2F11%2FIMG_0410-1024x528.jpg&amp;h=365&amp;q=90&amp;f=.jpg\" alt=\"In Radio Cl\u00e1sica (Radio Nacional de Espa\u00f1a)\" width=\"707\" height=\"365\" \/><\/a><p class=\"jig-HTMLdescription\">In Radio Cl\u00e1sica (Radio Nacional de Espa\u00f1a)<br\/>With the journalist Alicia Perris<\/p><\/li><li><a href=\"https:\/\/alfredogarcia.com\/english\/wp-content\/uploads\/sites\/5\/2015\/02\/10372809_10152529026843523_5192837604122988780_o-1024x765.jpg\" title=\"With Arturo Reverter\"><img decoding=\"async\" loading=\"lazy\" src=\"https:\/\/alfredogarcia.com\/english\/wp-content\/plugins\/justified-image-grid\/timthumb.php?src=https%3A%2F%2Falfredogarcia.com%2Fenglish%2Fwp-content%2Fuploads%2Fsites%2F5%2F2015%2F02%2F10372809_10152529026843523_5192837604122988780_o-1024x765.jpg&amp;h=365&amp;q=90&amp;f=.jpg\" alt=\"Dedicating his book &quot;Las mejores arias de Verdi&quot;\" width=\"488\" height=\"365\" \/><\/a><p class=\"jig-HTMLdescription\">Dedicating his book \"Las mejores arias de Verdi\"<br\/>With Arturo Reverter<\/p><\/li><li><a href=\"https:\/\/alfredogarcia.com\/english\/wp-content\/uploads\/sites\/5\/2015\/02\/75994_10202446217490202_708363274_n.jpg\" title=\"With the composer John  Adams and Cecilia Pi\u00f1ero\"><img decoding=\"async\" loading=\"lazy\" src=\"https:\/\/alfredogarcia.com\/english\/wp-content\/plugins\/justified-image-grid\/timthumb.php?src=https%3A%2F%2Falfredogarcia.com%2Fenglish%2Fwp-content%2Fuploads%2Fsites%2F5%2F2015%2F02%2F75994_10202446217490202_708363274_n.jpg&amp;h=365&amp;q=90&amp;f=.jpg\" alt=\"Round table in Madrid\" width=\"431\" height=\"365\" \/><\/a><p class=\"jig-HTMLdescription\">Round table in Madrid<br\/>With the composer John  Adams and Cecilia Pi\u00f1ero<\/p><\/li><li><a href=\"https:\/\/alfredogarcia.com\/english\/wp-content\/uploads\/sites\/5\/2016\/03\/IMG_6972AAA-01b-683x1024.jpeg\" title=\"With Francisco Garc\u00eda Rosado, director of Opera World magazine\"><img decoding=\"async\" loading=\"lazy\" src=\"https:\/\/alfredogarcia.com\/english\/wp-content\/plugins\/justified-image-grid\/timthumb.php?src=https%3A%2F%2Falfredogarcia.com%2Fenglish%2Fwp-content%2Fuploads%2Fsites%2F5%2F2016%2F03%2FIMG_6972AAA-01b-683x1024.jpeg&amp;h=365&amp;q=90&amp;f=.jpeg\" alt=\"In the Teatro Real of Madrid. Photo: Aisha Zehni\" width=\"243\" height=\"365\" \/><\/a><p class=\"jig-HTMLdescription\">In the Teatro Real of Madrid. Photo: Aisha Zehni<br\/>With Francisco Garc\u00eda Rosado, director of Opera World magazine<\/p><\/li><li><a href=\"https:\/\/alfredogarcia.com\/english\/wp-content\/uploads\/sites\/5\/2015\/02\/MG_8369-1024x683.jpg\" title=\"Singers of the Messiah by H\u00e4ndel\"><img decoding=\"async\" loading=\"lazy\" src=\"https:\/\/alfredogarcia.com\/english\/wp-content\/plugins\/justified-image-grid\/timthumb.php?src=https%3A%2F%2Falfredogarcia.com%2Fenglish%2Fwp-content%2Fuploads%2Fsites%2F5%2F2015%2F02%2FMG_8369-1024x683.jpg&amp;h=365&amp;q=90&amp;f=.jpg\" alt=\"With Agust\u00edn Prunel, Raquel Lojendio and Cristina Faus\" width=\"547\" height=\"365\" \/><\/a><p class=\"jig-HTMLdescription\">With Agust\u00edn Prunel, Raquel Lojendio and Cristina Faus<br\/>Singers of the Messiah by H\u00e4ndel<\/p><\/li><li><a href=\"https:\/\/alfredogarcia.com\/english\/wp-content\/uploads\/sites\/5\/2015\/04\/IMG_8883-1024x780.jpg\" title=\"With the conductor Jos\u00e9 Ram\u00f3n Encinar\"><img decoding=\"async\" loading=\"lazy\" src=\"https:\/\/alfredogarcia.com\/english\/wp-content\/plugins\/justified-image-grid\/timthumb.php?src=https%3A%2F%2Falfredogarcia.com%2Fenglish%2Fwp-content%2Fuploads%2Fsites%2F5%2F2015%2F04%2FIMG_8883-1024x780.jpg&amp;h=365&amp;q=90&amp;f=.jpg\" alt=\"With the conductor Jos\u00e9 Ram\u00f3n Encinar\" width=\"479\" height=\"365\" \/><\/a><p class=\"jig-HTMLdescription\">With the conductor Jos\u00e9 Ram\u00f3n Encinar<\/p><\/li><li><a href=\"https:\/\/alfredogarcia.com\/english\/wp-content\/uploads\/sites\/5\/2015\/02\/1401916_10152125750393523_1407170082_o-1024x765.jpg\" title=\"With the composer Emilio Caland\u00edn\"><img decoding=\"async\" loading=\"lazy\" src=\"https:\/\/alfredogarcia.com\/english\/wp-content\/plugins\/justified-image-grid\/timthumb.php?src=https%3A%2F%2Falfredogarcia.com%2Fenglish%2Fwp-content%2Fuploads%2Fsites%2F5%2F2015%2F02%2F1401916_10152125750393523_1407170082_o-1024x765.jpg&amp;h=365&amp;q=90&amp;f=.jpg\" alt=\"Messiah by H\u00e4ndel at the  Palau de la M\u00fasica de Valencia\" width=\"488\" height=\"365\" \/><\/a><p class=\"jig-HTMLdescription\">Messiah by H\u00e4ndel at the  Palau de la M\u00fasica de Valencia<br\/>With the composer Emilio Caland\u00edn<\/p><\/li><li><a href=\"https:\/\/alfredogarcia.com\/english\/wp-content\/uploads\/sites\/5\/2015\/02\/IMG_2766-1024x1006.jpg\" title=\"With the Tr\u00edo Hermeneia\"><img decoding=\"async\" loading=\"lazy\" src=\"https:\/\/alfredogarcia.com\/english\/wp-content\/plugins\/justified-image-grid\/timthumb.php?src=https%3A%2F%2Falfredogarcia.com%2Fenglish%2Fwp-content%2Fuploads%2Fsites%2F5%2F2015%2F02%2FIMG_2766-1024x1006.jpg&amp;h=365&amp;q=90&amp;f=.jpg\" alt=\"With the Tr\u00edo Hermeneia\" width=\"371\" height=\"365\" \/><\/a><p class=\"jig-HTMLdescription\">With the Tr\u00edo Hermeneia<\/p><\/li><li><a href=\"https:\/\/alfredogarcia.com\/english\/wp-content\/uploads\/sites\/5\/2015\/02\/10380142_10152464802193523_4694935834288949424_o-988x1024.jpg\" title=\"With Reto Nickler, director\"><img decoding=\"async\" loading=\"lazy\" src=\"https:\/\/alfredogarcia.com\/english\/wp-content\/plugins\/justified-image-grid\/timthumb.php?src=https%3A%2F%2Falfredogarcia.com%2Fenglish%2Fwp-content%2Fuploads%2Fsites%2F5%2F2015%2F02%2F10380142_10152464802193523_4694935834288949424_o-988x1024.jpg&amp;h=365&amp;q=90&amp;f=.jpg\" alt=\"Madrid\" width=\"352\" height=\"365\" \/><\/a><p class=\"jig-HTMLdescription\">Madrid<br\/>With Reto Nickler, director<\/p><\/li><li><a href=\"https:\/\/alfredogarcia.com\/english\/wp-content\/uploads\/sites\/5\/2015\/02\/10515319_10152777135116101_6635184856287328441_o-1024x576.jpg\" title=\"At the Real Academia de Bellas Artes de San Fernando\"><img decoding=\"async\" loading=\"lazy\" src=\"https:\/\/alfredogarcia.com\/english\/wp-content\/plugins\/justified-image-grid\/timthumb.php?src=https%3A%2F%2Falfredogarcia.com%2Fenglish%2Fwp-content%2Fuploads%2Fsites%2F5%2F2015%2F02%2F10515319_10152777135116101_6635184856287328441_o-1024x576.jpg&amp;h=365&amp;q=90&amp;f=.jpg\" alt=\"Posthumous homage to Rafael Fr\u00fchbeck de Burgos. With Rafael Fr\u00fchbeck, Marta Rozas and Jos\u00e9 Luis Garc\u00eda del Busto.\" width=\"648\" height=\"365\" \/><\/a><p class=\"jig-HTMLdescription\">Posthumous homage to Rafael Fr\u00fchbeck de Burgos. With Rafael Fr\u00fchbeck, Marta Rozas and Jos\u00e9 Luis Garc\u00eda del Busto.<br\/>At the Real Academia de Bellas Artes de San Fernando<\/p><\/li><li><a href=\"https:\/\/alfredogarcia.com\/english\/wp-content\/uploads\/sites\/5\/2015\/02\/10641085_10152768431736101_3642625509181489607_n.jpg\" title=\"With Ant\u00f3n Garc\u00eda Abril, Zandra McMaster, Jos\u00e9 Ferrero and Mar\u00eda Luisa Maeso\"><img decoding=\"async\" loading=\"lazy\" src=\"https:\/\/alfredogarcia.com\/english\/wp-content\/plugins\/justified-image-grid\/timthumb.php?src=https%3A%2F%2Falfredogarcia.com%2Fenglish%2Fwp-content%2Fuploads%2Fsites%2F5%2F2015%2F02%2F10641085_10152768431736101_3642625509181489607_n.jpg&amp;h=365&amp;q=90&amp;f=.jpg\" alt=\"Auditorio Nacional de Madrid\" width=\"648\" height=\"365\" \/><\/a><p class=\"jig-HTMLdescription\">Auditorio Nacional de Madrid<br\/>With Ant\u00f3n Garc\u00eda Abril, Zandra McMaster, Jos\u00e9 Ferrero and Mar\u00eda Luisa Maeso<\/p><\/li><li><a href=\"https:\/\/alfredogarcia.com\/english\/wp-content\/uploads\/sites\/5\/2015\/02\/10714151_10152752230703523_4597778643544207812_o-768x1024.jpg\" title=\"With Rafael Fr\u00fchbeck de Burgos in Israel\"><img decoding=\"async\" loading=\"lazy\" src=\"https:\/\/alfredogarcia.com\/english\/wp-content\/plugins\/justified-image-grid\/timthumb.php?src=https%3A%2F%2Falfredogarcia.com%2Fenglish%2Fwp-content%2Fuploads%2Fsites%2F5%2F2015%2F02%2F10714151_10152752230703523_4597778643544207812_o-768x1024.jpg&amp;h=365&amp;q=90&amp;f=.jpg\" alt=\"Israel Philharmonic\" width=\"273\" height=\"365\" \/><\/a><p class=\"jig-HTMLdescription\">Israel Philharmonic<br\/>With Rafael Fr\u00fchbeck de Burgos in Israel<\/p><\/li><li><a href=\"https:\/\/alfredogarcia.com\/english\/wp-content\/uploads\/sites\/5\/2015\/02\/8172839936_7646f58aa9_o-1024x898.jpg\" title=\"In Los Angeles with Los Angeles Philharmonic\"><img decoding=\"async\" loading=\"lazy\" src=\"https:\/\/alfredogarcia.com\/english\/wp-content\/plugins\/justified-image-grid\/timthumb.php?src=https%3A%2F%2Falfredogarcia.com%2Fenglish%2Fwp-content%2Fuploads%2Fsites%2F5%2F2015%2F02%2F8172839936_7646f58aa9_o-1024x898.jpg&amp;h=365&amp;q=90&amp;f=.jpg\" alt=\"Walt Disney Concert Hall. La Vida Breve by Falla\" width=\"416\" height=\"365\" \/><\/a><p class=\"jig-HTMLdescription\">Walt Disney Concert Hall. La Vida Breve by Falla<br\/>In Los Angeles with Los Angeles Philharmonic<\/p><\/li><li><a href=\"https:\/\/alfredogarcia.com\/english\/wp-content\/uploads\/sites\/5\/2015\/02\/1389187822797.jpg\" title=\"Interview in Radio Cl\u00e1sica\"><img decoding=\"async\" loading=\"lazy\" src=\"https:\/\/alfredogarcia.com\/english\/wp-content\/plugins\/justified-image-grid\/timthumb.php?src=https%3A%2F%2Falfredogarcia.com%2Fenglish%2Fwp-content%2Fuploads%2Fsites%2F5%2F2015%2F02%2F1389187822797.jpg&amp;h=365&amp;q=90&amp;f=.jpg\" alt=\"With Jes\u00fas Trujillo in the program &quot;La D\u00e1rsena&quot;. Radio Cl\u00e1sica. RNE\" width=\"486\" height=\"365\" \/><\/a><p class=\"jig-HTMLdescription\">With Jes\u00fas Trujillo in the program \"La D\u00e1rsena\". Radio Cl\u00e1sica. RNE<br\/>Interview in Radio Cl\u00e1sica<\/p><\/li><li><a href=\"https:\/\/alfredogarcia.com\/english\/wp-content\/uploads\/sites\/5\/2015\/02\/la-foto-1-1024x765.jpg\" title=\"Andr\u00e9s Salado, Alfredo Garc\u00eda, Anna Fern\u00e1ndez and Raquel Lojendio\"><img decoding=\"async\" loading=\"lazy\" src=\"https:\/\/alfredogarcia.com\/english\/wp-content\/plugins\/justified-image-grid\/timthumb.php?src=https%3A%2F%2Falfredogarcia.com%2Fenglish%2Fwp-content%2Fuploads%2Fsites%2F5%2F2015%2F02%2Fla-foto-1-1024x765.jpg&amp;h=365&amp;q=90&amp;f=.jpg\" alt=\"Rehearsals of  Il Segreto di Susanna by Wolf-Ferrari\" width=\"488\" height=\"365\" \/><\/a><p class=\"jig-HTMLdescription\">Rehearsals of  Il Segreto di Susanna by Wolf-Ferrari<br\/>Andr\u00e9s Salado, Alfredo Garc\u00eda, Anna Fern\u00e1ndez and Raquel Lojendio<\/p><\/li><li><a href=\"https:\/\/alfredogarcia.com\/english\/wp-content\/uploads\/sites\/5\/2015\/02\/La-Vida-Breve.-Sevilla-1024x768.jpg\" title=\"Teatro de La Maestranza de Sevilla\"><img decoding=\"async\" loading=\"lazy\" src=\"https:\/\/alfredogarcia.com\/english\/wp-content\/plugins\/justified-image-grid\/timthumb.php?src=https%3A%2F%2Falfredogarcia.com%2Fenglish%2Fwp-content%2Fuploads%2Fsites%2F5%2F2015%2F02%2FLa-Vida-Breve.-Sevilla-1024x768.jpg&amp;h=365&amp;q=90&amp;f=.jpg\" alt=\"La Vida Breve by Falla\" width=\"486\" height=\"365\" \/><\/a><p class=\"jig-HTMLdescription\">La Vida Breve by Falla<br\/>Teatro de La Maestranza de Sevilla<\/p><\/li><li><a href=\"https:\/\/alfredogarcia.com\/english\/wp-content\/uploads\/sites\/5\/2015\/02\/2012-11-01-22.14.04-HDR-1024x765.jpg\" title=\"In Toronto with the Toronto Symphony Orchestra\"><img decoding=\"async\" loading=\"lazy\" src=\"https:\/\/alfredogarcia.com\/english\/wp-content\/plugins\/justified-image-grid\/timthumb.php?src=https%3A%2F%2Falfredogarcia.com%2Fenglish%2Fwp-content%2Fuploads%2Fsites%2F5%2F2015%2F02%2F2012-11-01-22.14.04-HDR-1024x765.jpg&amp;h=365&amp;q=90&amp;f=.jpg\" alt=\"Alfredo Garc\u00eda, Miquel Ram\u00f3n, Gustavo Pe\u00f1a, Nancy Fabiola and Cristina Faus\" width=\"488\" height=\"365\" \/><\/a><p class=\"jig-HTMLdescription\">Alfredo Garc\u00eda, Miquel Ram\u00f3n, Gustavo Pe\u00f1a, Nancy Fabiola and Cristina Faus<br\/>In Toronto with the Toronto Symphony Orchestra<\/p><\/li><\/ul><\/noscript><\/div>\n[\/et_pb_text][\/et_pb_column][\/et_pb_row][\/et_pb_section]\n\n[\/et_pb_tab][\/et_pb_tabs][\/et_pb_column][\/et_pb_row][\/et_pb_section][et_pb_section fb_built=&#8221;1&#8243; disabled_on=&#8221;on|on|on&#8221; admin_label=&#8221;section&#8221; _builder_version=&#8221;3.24&#8243; disabled=&#8221;on&#8221;][et_pb_row use_custom_gutter=&#8221;on&#8221; gutter_width=&#8221;1&#8243; padding_mobile=&#8221;off&#8221; admin_label=&#8221;row&#8221; module_class=&#8221; et_pb_row_fullwidth&#8221; _builder_version=&#8221;3.25&#8243; background_size=&#8221;initial&#8221; background_position=&#8221;top_left&#8221; background_repeat=&#8221;repeat&#8221; width=&#8221;100%&#8221; width_tablet=&#8221;100%&#8221; width_phone=&#8221;&#8221; width_last_edited=&#8221;on|desktop&#8221; max_width=&#8221;100%&#8221; max_width_tablet=&#8221;100%&#8221; max_width_phone=&#8221;&#8221; max_width_last_edited=&#8221;on|desktop&#8221; make_fullwidth=&#8221;on&#8221;][et_pb_column type=&#8221;4_4&#8243; _builder_version=&#8221;3.25&#8243; custom_padding=&#8221;|||&#8221; custom_padding__hover=&#8221;|||&#8221;][et_pb_tabs admin_label=&#8221;ANTIGUA GALER\u00cdA SIN AC SHORTCODES&#8221; _builder_version=&#8221;3.24&#8243; tab_text_color=&#8221;#969696&#8243; tab_font=&#8221;Old Standard TT||||&#8221; tab_font_size=&#8221;23&#8243; background_size=&#8221;initial&#8221; background_position=&#8221;top_left&#8221; background_repeat=&#8221;repeat&#8221; z_index_tablet=&#8221;500&#8243;][et_pb_tab title=&#8221;STAGE&#8221; _builder_version=&#8221;3.21.4&#8243; body_font=&#8221;||||&#8221; body_line_height=&#8221;2em&#8221; tab_font=&#8221;Old Standard TT||||&#8221; tab_text_color=&#8221;#bfbfbf&#8221; tab_letter_spacing=&#8221;12&#8243; tab_line_height=&#8221;18&#8243; body_line_height_tablet=&#8221;2em&#8221; body_line_height_phone=&#8221;2em&#8221; tab_letter_spacing_tablet=&#8221;12&#8243; tab_letter_spacing_phone=&#8221;12&#8243; tab_line_height_tablet=&#8221;18&#8243; tab_line_height_phone=&#8221;18&#8243;]<div id=\"jig4\" class=\"justified-image-grid jig-1a6a69b51e384adf0f6e93f4eb337498 jig-preset-2\"><div class=\"jig-clearfix\"><\/div><noscript id=\"jig4-html\" class=\"justified-image-grid-html\" data-lazy-src=\"skiplazyload\" data-src=\"skipunveillazyload\"><ul><li><a href=\"https:\/\/alfredogarcia.com\/english\/wp-content\/uploads\/sites\/5\/2016\/11\/Nueva-imagen-b6-1024x576.jpg\" title=\"Carmen by Bizet\"><img decoding=\"async\" loading=\"lazy\" src=\"https:\/\/alfredogarcia.com\/english\/wp-content\/plugins\/justified-image-grid\/timthumb.php?src=https%3A%2F%2Falfredogarcia.com%2Fenglish%2Fwp-content%2Fuploads%2Fsites%2F5%2F2016%2F11%2FNueva-imagen-b6-1024x576.jpg&amp;h=365&amp;q=90&amp;f=.jpg\" alt=\"Toreador aria\" width=\"648\" height=\"365\" \/><\/a><p class=\"jig-HTMLdescription\">Toreador aria<br\/>Carmen by Bizet<\/p><\/li><li><a href=\"https:\/\/alfredogarcia.com\/english\/wp-content\/uploads\/sites\/5\/2015\/11\/IMG_1969-901x1024.jpg\" title=\"Orquesta Koan 2, Jos\u00e9 Ram\u00f3n Encinar conductor\"><img decoding=\"async\" loading=\"lazy\" src=\"https:\/\/alfredogarcia.com\/english\/wp-content\/plugins\/justified-image-grid\/timthumb.php?src=https%3A%2F%2Falfredogarcia.com%2Fenglish%2Fwp-content%2Fuploads%2Fsites%2F5%2F2015%2F11%2FIMG_1969-901x1024.jpg&amp;h=365&amp;q=90&amp;f=.jpg\" alt=\"Poulenc &quot;Le bal masqu\u00e9&quot; y Stravinsky &quot;L&#039;historie du soldat&quot;\" width=\"321\" height=\"365\" \/><\/a><p class=\"jig-HTMLdescription\">Poulenc \"Le bal masqu\u00e9\" y Stravinsky \"L'historie du soldat\"<br\/>Orquesta Koan 2, Jos\u00e9 Ram\u00f3n Encinar conductor<\/p><\/li><li><a href=\"https:\/\/alfredogarcia.com\/english\/wp-content\/uploads\/sites\/5\/2015\/11\/IMG_1311c-1024x566.jpg\" title=\"Orquesta Koan 2, Jos\u00e9 Ram\u00f3n Encinar conductor\"><img decoding=\"async\" loading=\"lazy\" src=\"https:\/\/alfredogarcia.com\/english\/wp-content\/plugins\/justified-image-grid\/timthumb.php?src=https%3A%2F%2Falfredogarcia.com%2Fenglish%2Fwp-content%2Fuploads%2Fsites%2F5%2F2015%2F11%2FIMG_1311c-1024x566.jpg&amp;h=365&amp;q=90&amp;f=.jpg\" alt=\"Poulenc &quot;Le bal masqu\u00e9&quot; y Stravinsky &quot;L&#039;historie du soldat&quot;\" width=\"660\" height=\"365\" \/><\/a><p class=\"jig-HTMLdescription\">Poulenc \"Le bal masqu\u00e9\" y Stravinsky \"L'historie du soldat\"<br\/>Orquesta Koan 2, Jos\u00e9 Ram\u00f3n Encinar conductor<\/p><\/li><li><a href=\"https:\/\/alfredogarcia.com\/english\/wp-content\/uploads\/sites\/5\/2015\/11\/IMG_1823-775x1024.jpg\" title=\"Orquesta Koan 2, Jos\u00e9 Ram\u00f3n Encinar conductor\"><img decoding=\"async\" loading=\"lazy\" src=\"https:\/\/alfredogarcia.com\/english\/wp-content\/plugins\/justified-image-grid\/timthumb.php?src=https%3A%2F%2Falfredogarcia.com%2Fenglish%2Fwp-content%2Fuploads%2Fsites%2F5%2F2015%2F11%2FIMG_1823-775x1024.jpg&amp;h=365&amp;q=90&amp;f=.jpg\" alt=\"Poulenc &quot;Le bal masqu\u00e9&quot; y Stravinsky &quot;L&#039;historie du soldat&quot;\" width=\"276\" height=\"365\" \/><\/a><p class=\"jig-HTMLdescription\">Poulenc \"Le bal masqu\u00e9\" y Stravinsky \"L'historie du soldat\"<br\/>Orquesta Koan 2, Jos\u00e9 Ram\u00f3n Encinar conductor<\/p><\/li><li><a href=\"https:\/\/alfredogarcia.com\/english\/wp-content\/uploads\/sites\/5\/2014\/12\/01c3f278bccfc14197a2498cbc78511b653ca3a3e9-1024x743.jpg\" title=\"El Caballero de la Triste Figura by Tom\u00e1s Marco\"><img decoding=\"async\" loading=\"lazy\" src=\"https:\/\/alfredogarcia.com\/english\/wp-content\/plugins\/justified-image-grid\/timthumb.php?src=https%3A%2F%2Falfredogarcia.com%2Fenglish%2Fwp-content%2Fuploads%2Fsites%2F5%2F2014%2F12%2F01c3f278bccfc14197a2498cbc78511b653ca3a3e9-1024x743.jpg&amp;h=365&amp;q=90&amp;f=.jpg\" alt=\"As Don Quijote\" width=\"503\" height=\"365\" \/><\/a><p class=\"jig-HTMLdescription\">As Don Quijote<br\/>El Caballero de la Triste Figura by Tom\u00e1s Marco<\/p><\/li><li><a href=\"https:\/\/alfredogarcia.com\/english\/wp-content\/uploads\/sites\/5\/2014\/12\/12-opera_quijote21-683x1024.jpg\" title=\"El Caballero de la Triste Figura by Tom\u00e1s Marco\"><img decoding=\"async\" loading=\"lazy\" src=\"https:\/\/alfredogarcia.com\/english\/wp-content\/plugins\/justified-image-grid\/timthumb.php?src=https%3A%2F%2Falfredogarcia.com%2Fenglish%2Fwp-content%2Fuploads%2Fsites%2F5%2F2014%2F12%2F12-opera_quijote21-683x1024.jpg&amp;h=365&amp;q=90&amp;f=.jpg\" alt=\"As Don Quijote\" width=\"243\" height=\"365\" \/><\/a><p class=\"jig-HTMLdescription\">As Don Quijote<br\/>El Caballero de la Triste Figura by Tom\u00e1s Marco<\/p><\/li><li><a href=\"https:\/\/alfredogarcia.com\/english\/wp-content\/uploads\/sites\/5\/2014\/12\/IMG_00781-1024x930.jpg\" title=\"El Caballero de la Triste Figura by Tom\u00e1s Marco\"><img decoding=\"async\" loading=\"lazy\" src=\"https:\/\/alfredogarcia.com\/english\/wp-content\/plugins\/justified-image-grid\/timthumb.php?src=https%3A%2F%2Falfredogarcia.com%2Fenglish%2Fwp-content%2Fuploads%2Fsites%2F5%2F2014%2F12%2FIMG_00781-1024x930.jpg&amp;h=365&amp;q=90&amp;f=.jpg\" alt=\"As Don Quijote\" width=\"401\" height=\"365\" \/><\/a><p class=\"jig-HTMLdescription\">As Don Quijote<br\/>El Caballero de la Triste Figura by Tom\u00e1s Marco<\/p><\/li><li><a href=\"https:\/\/alfredogarcia.com\/english\/wp-content\/uploads\/sites\/5\/2015\/02\/CoroDeLaComunidadDeMadrid-JoseManuelJimenez_13-683x1024.jpg\" title=\"El Caballero de la Triste Figura by Tom\u00e1s Marco\"><img decoding=\"async\" loading=\"lazy\" src=\"https:\/\/alfredogarcia.com\/english\/wp-content\/plugins\/justified-image-grid\/timthumb.php?src=https%3A%2F%2Falfredogarcia.com%2Fenglish%2Fwp-content%2Fuploads%2Fsites%2F5%2F2015%2F02%2FCoroDeLaComunidadDeMadrid-JoseManuelJimenez_13-683x1024.jpg&amp;h=365&amp;q=90&amp;f=.jpg\" alt=\"Don Quijote\" width=\"243\" height=\"365\" \/><\/a><p class=\"jig-HTMLdescription\">Don Quijote<br\/>El Caballero de la Triste Figura by Tom\u00e1s Marco<\/p><\/li><li><a href=\"https:\/\/alfredogarcia.com\/english\/wp-content\/uploads\/sites\/5\/2015\/01\/Scan10010-674x1024.jpg\" title=\"Wiener Kammeroper\"><img decoding=\"async\" loading=\"lazy\" src=\"https:\/\/alfredogarcia.com\/english\/wp-content\/plugins\/justified-image-grid\/timthumb.php?src=https%3A%2F%2Falfredogarcia.com%2Fenglish%2Fwp-content%2Fuploads%2Fsites%2F5%2F2015%2F01%2FScan10010-674x1024.jpg&amp;h=365&amp;q=90&amp;f=.jpg\" alt=\"&quot;El Barberillo de Lavapi\u00e9s&quot;. Viena\" width=\"240\" height=\"365\" \/><\/a><p class=\"jig-HTMLdescription\">\"El Barberillo de Lavapi\u00e9s\". Viena<br\/>Wiener Kammeroper<\/p><\/li><li><a href=\"https:\/\/alfredogarcia.com\/english\/wp-content\/uploads\/sites\/5\/2015\/01\/Scan10007-677x1024.jpg\" title=\"Wiener Kammeroper\"><img decoding=\"async\" loading=\"lazy\" src=\"https:\/\/alfredogarcia.com\/english\/wp-content\/plugins\/justified-image-grid\/timthumb.php?src=https%3A%2F%2Falfredogarcia.com%2Fenglish%2Fwp-content%2Fuploads%2Fsites%2F5%2F2015%2F01%2FScan10007-677x1024.jpg&amp;h=365&amp;q=90&amp;f=.jpg\" alt=\"&quot;El Barberillo de Lavapi\u00e9s&quot;. Viena\" width=\"241\" height=\"365\" \/><\/a><p class=\"jig-HTMLdescription\">\"El Barberillo de Lavapi\u00e9s\". Viena<br\/>Wiener Kammeroper<\/p><\/li><li><a href=\"https:\/\/alfredogarcia.com\/english\/wp-content\/uploads\/sites\/5\/2014\/12\/El-Acomodador1b.jpg\" title=\"Opera by Javier Jacinto. Costume by Paco Rabanne\"><img decoding=\"async\" loading=\"lazy\" src=\"https:\/\/alfredogarcia.com\/english\/wp-content\/plugins\/justified-image-grid\/timthumb.php?src=https%3A%2F%2Falfredogarcia.com%2Fenglish%2Fwp-content%2Fuploads%2Fsites%2F5%2F2014%2F12%2FEl-Acomodador1b.jpg&amp;h=365&amp;q=90&amp;f=.jpg\" alt=\"El Acomodador\" width=\"302\" height=\"365\" \/><\/a><p class=\"jig-HTMLdescription\">El Acomodador<br\/>Opera by Javier Jacinto. Costume by Paco Rabanne<\/p><\/li><li><a href=\"https:\/\/alfredogarcia.com\/english\/wp-content\/uploads\/sites\/5\/2014\/12\/AdobePhotoshopExpress_2014_09_25_16_28_30-1024x671.jpg\"><img decoding=\"async\" loading=\"lazy\" src=\"https:\/\/alfredogarcia.com\/english\/wp-content\/plugins\/justified-image-grid\/timthumb.php?src=https%3A%2F%2Falfredogarcia.com%2Fenglish%2Fwp-content%2Fuploads%2Fsites%2F5%2F2014%2F12%2FAdobePhotoshopExpress_2014_09_25_16_28_30-1024x671.jpg&amp;h=365&amp;q=90&amp;f=.jpg\" alt=\"Die Zauberf\u00f6te by Mozart. As Papageno\" width=\"557\" height=\"365\" \/><\/a><p class=\"jig-HTMLdescription\">Die Zauberf\u00f6te by Mozart. As Papageno<br\/><\/p><\/li><li><a href=\"https:\/\/alfredogarcia.com\/english\/wp-content\/uploads\/sites\/5\/2014\/12\/IMG_4853_2-683x1024.jpg\" title=\"Premiere in en Espa\u00f1a, Teatro L\u00f3pe de Vega de Sevilla\"><img decoding=\"async\" loading=\"lazy\" src=\"https:\/\/alfredogarcia.com\/english\/wp-content\/plugins\/justified-image-grid\/timthumb.php?src=https%3A%2F%2Falfredogarcia.com%2Fenglish%2Fwp-content%2Fuploads%2Fsites%2F5%2F2014%2F12%2FIMG_4853_2-683x1024.jpg&amp;h=365&amp;q=90&amp;f=.jpg\" alt=\"Don Giovanni by Gazzaniga\" width=\"243\" height=\"365\" \/><\/a><p class=\"jig-HTMLdescription\">Don Giovanni by Gazzaniga<br\/>Premiere in en Espa\u00f1a, Teatro L\u00f3pe de Vega de Sevilla<\/p><\/li><li><a href=\"https:\/\/alfredogarcia.com\/english\/wp-content\/uploads\/sites\/5\/2014\/12\/IMG_4883-1024x683.jpg\" title=\"Premiere in en Espa\u00f1a, Teatro L\u00f3pe de Vega de Sevilla\"><img decoding=\"async\" loading=\"lazy\" src=\"https:\/\/alfredogarcia.com\/english\/wp-content\/plugins\/justified-image-grid\/timthumb.php?src=https%3A%2F%2Falfredogarcia.com%2Fenglish%2Fwp-content%2Fuploads%2Fsites%2F5%2F2014%2F12%2FIMG_4883-1024x683.jpg&amp;h=365&amp;q=90&amp;f=.jpg\" alt=\"Don Giovanni by Gazzaniga\" width=\"547\" height=\"365\" \/><\/a><p class=\"jig-HTMLdescription\">Don Giovanni by Gazzaniga<br\/>Premiere in en Espa\u00f1a, Teatro L\u00f3pe de Vega de Sevilla<\/p><\/li><li><a href=\"https:\/\/alfredogarcia.com\/english\/wp-content\/uploads\/sites\/5\/2014\/12\/1218791362Bb.jpg\" title=\"Festival Torroella de Montgr\u00ed. Orquesta Enigma, Juanjo Olives conductor\"><img decoding=\"async\" loading=\"lazy\" src=\"https:\/\/alfredogarcia.com\/english\/wp-content\/plugins\/justified-image-grid\/timthumb.php?src=https%3A%2F%2Falfredogarcia.com%2Fenglish%2Fwp-content%2Fuploads%2Fsites%2F5%2F2014%2F12%2F1218791362Bb.jpg&amp;h=365&amp;q=90&amp;f=.jpg\" alt=\"Lament for the Death of Ignacio Sanchez Mej\u00edas  by M. Ohana\" width=\"360\" height=\"365\" \/><\/a><p class=\"jig-HTMLdescription\">Lament for the Death of Ignacio Sanchez Mej\u00edas  by M. Ohana<br\/>Festival Torroella de Montgr\u00ed. Orquesta Enigma, Juanjo Olives conductor<\/p><\/li><li><a href=\"https:\/\/alfredogarcia.com\/english\/wp-content\/uploads\/sites\/5\/2015\/02\/MMG1514-686x1024.jpg\" title=\"Orquesta Enigma. Juan Jos\u00e9 Olives, conductor. Auditorio de Zaragoza.\"><img decoding=\"async\" loading=\"lazy\" src=\"https:\/\/alfredogarcia.com\/english\/wp-content\/plugins\/justified-image-grid\/timthumb.php?src=https%3A%2F%2Falfredogarcia.com%2Fenglish%2Fwp-content%2Fuploads%2Fsites%2F5%2F2015%2F02%2FMMG1514-686x1024.jpg&amp;h=365&amp;q=90&amp;f=.jpg\" alt=\"Retablo de Maese Pedro by Falla\" width=\"244\" height=\"365\" \/><\/a><p class=\"jig-HTMLdescription\">Retablo de Maese Pedro by Falla<br\/>Orquesta Enigma. Juan Jos\u00e9 Olives, conductor. Auditorio de Zaragoza.<\/p><\/li><li><a href=\"https:\/\/alfredogarcia.com\/english\/wp-content\/uploads\/sites\/5\/2015\/02\/230396_2041888613058_3832431_n.jpg\" title=\"Teatro de la Maestranza de Sevilla. Pedro Halffter, conductor. ROSS. \"><img decoding=\"async\" loading=\"lazy\" src=\"https:\/\/alfredogarcia.com\/english\/wp-content\/plugins\/justified-image-grid\/timthumb.php?src=https%3A%2F%2Falfredogarcia.com%2Fenglish%2Fwp-content%2Fuploads%2Fsites%2F5%2F2015%2F02%2F230396_2041888613058_3832431_n.jpg&amp;h=365&amp;q=90&amp;f=.jpg\" alt=\"La Atl\u00e1ntida by Falla\" width=\"485\" height=\"365\" \/><\/a><p class=\"jig-HTMLdescription\">La Atl\u00e1ntida by Falla<br\/>Teatro de la Maestranza de Sevilla. Pedro Halffter, conductor. ROSS. <\/p><\/li><li><a href=\"https:\/\/alfredogarcia.com\/english\/wp-content\/uploads\/sites\/5\/2015\/02\/P1020382-768x1024.jpg\"><img decoding=\"async\" loading=\"lazy\" src=\"https:\/\/alfredogarcia.com\/english\/wp-content\/plugins\/justified-image-grid\/timthumb.php?src=https%3A%2F%2Falfredogarcia.com%2Fenglish%2Fwp-content%2Fuploads%2Fsites%2F5%2F2015%2F02%2FP1020382-768x1024.jpg&amp;h=365&amp;q=90&amp;f=.jpg\" alt=\"Stabat Mater by Dvorak\" width=\"273\" height=\"365\" \/><\/a><p class=\"jig-HTMLdescription\">Stabat Mater by Dvorak<br\/><\/p><\/li><\/ul><\/noscript><\/div>\n\n[\/et_pb_tab][et_pb_tab title=&#8221;BACKSTAGE&#8221; _builder_version=&#8221;3.21.4&#8243; body_font=&#8221;||||&#8221; body_line_height=&#8221;2em&#8221; tab_text_color=&#8221;#bfbfbf&#8221; tab_letter_spacing=&#8221;12&#8243; tab_line_height=&#8221;18&#8243; body_line_height_tablet=&#8221;2em&#8221; body_line_height_phone=&#8221;2em&#8221; tab_letter_spacing_tablet=&#8221;12&#8243; tab_letter_spacing_phone=&#8221;12&#8243; tab_line_height_tablet=&#8221;18&#8243; tab_line_height_phone=&#8221;18&#8243;]<div id=\"jig5\" class=\"justified-image-grid jig-08561cee987a27d10bc2683a1f910b3f jig-preset-2\"><div class=\"jig-clearfix\"><\/div><noscript id=\"jig5-html\" class=\"justified-image-grid-html\" data-lazy-src=\"skiplazyload\" data-src=\"skipunveillazyload\"><ul><li><a href=\"https:\/\/alfredogarcia.com\/english\/wp-content\/uploads\/sites\/5\/2019\/04\/FullSizeRender-1024x668.jpg\" title=\"Teatro Campoamor in Oviedo\"><img decoding=\"async\" loading=\"lazy\" src=\"https:\/\/alfredogarcia.com\/english\/wp-content\/plugins\/justified-image-grid\/timthumb.php?src=https%3A%2F%2Falfredogarcia.com%2Fenglish%2Fwp-content%2Fuploads%2Fsites%2F5%2F2019%2F04%2FFullSizeRender-1024x668.jpg&amp;h=365&amp;q=90&amp;f=.jpg\" alt=\"Rehearsals of the Zarzuela &quot;El sobre verde&quot; by Guerrero\" width=\"559\" height=\"365\" \/><\/a><p class=\"jig-HTMLdescription\">Rehearsals of the Zarzuela \"El sobre verde\" by Guerrero<br\/>Teatro Campoamor in Oviedo<\/p><\/li><li><a href=\"https:\/\/alfredogarcia.com\/english\/wp-content\/uploads\/sites\/5\/2017\/06\/Alfredo-Garc\u00eda-bar\u00edtone-Palau-M\u00fasica-Valencia.-Mahler-986x1024.jpg\" title=\"Symphony No. 8 by G. Mahler\"><img decoding=\"async\" loading=\"lazy\" src=\"https:\/\/alfredogarcia.com\/english\/wp-content\/plugins\/justified-image-grid\/timthumb.php?src=https%3A%2F%2Falfredogarcia.com%2Fenglish%2Fwp-content%2Fuploads%2Fsites%2F5%2F2017%2F06%2FAlfredo-Garc%C3%ADa-bar%C3%ADtone-Palau-M%C3%BAsica-Valencia.-Mahler-986x1024.jpg&amp;h=365&amp;q=90&amp;f=.jpg\" alt=\"Signing in the Book of Honour of the Palau de la M\u00fasica in Valencia\" width=\"351\" height=\"365\" \/><\/a><p class=\"jig-HTMLdescription\">Signing in the Book of Honour of the Palau de la M\u00fasica in Valencia<br\/>Symphony No. 8 by G. Mahler<\/p><\/li><li><a href=\"https:\/\/alfredogarcia.com\/english\/wp-content\/uploads\/sites\/5\/2015\/01\/IMG_2882b-1024x979.jpg\" title=\"In Radio Cl\u00e1sica in the  program &quot;L\u00e1 D\u00e1rsena&quot;\"><img decoding=\"async\" loading=\"lazy\" src=\"https:\/\/alfredogarcia.com\/english\/wp-content\/plugins\/justified-image-grid\/timthumb.php?src=https%3A%2F%2Falfredogarcia.com%2Fenglish%2Fwp-content%2Fuploads%2Fsites%2F5%2F2015%2F01%2FIMG_2882b-1024x979.jpg&amp;h=365&amp;q=90&amp;f=.jpg\" alt=\"Beethoven&#039;s Folksongs\" width=\"381\" height=\"365\" \/><\/a><p class=\"jig-HTMLdescription\">Beethoven's Folksongs<br\/>In Radio Cl\u00e1sica in the  program \"L\u00e1 D\u00e1rsena\"<\/p><\/li><li><a href=\"https:\/\/alfredogarcia.com\/english\/wp-content\/uploads\/sites\/5\/2016\/03\/IMG_6945AAA-01b-1024x683.jpeg\" title=\"With Francisco Garc\u00eda Rosado, director of Opera World magazine in the Teatro Real. Foto: Aisha Zehni\"><img decoding=\"async\" loading=\"lazy\" src=\"https:\/\/alfredogarcia.com\/english\/wp-content\/plugins\/justified-image-grid\/timthumb.php?src=https%3A%2F%2Falfredogarcia.com%2Fenglish%2Fwp-content%2Fuploads%2Fsites%2F5%2F2016%2F03%2FIMG_6945AAA-01b-1024x683.jpeg&amp;h=365&amp;q=90&amp;f=.jpeg\" alt=\"Interview for Opera World magazine\" width=\"547\" height=\"365\" \/><\/a><p class=\"jig-HTMLdescription\">Interview for Opera World magazine<br\/>With Francisco Garc\u00eda Rosado, director of Opera World magazine in the Teatro Real. Foto: Aisha Zehni<\/p><\/li><li><a href=\"https:\/\/alfredogarcia.com\/english\/wp-content\/uploads\/sites\/5\/2015\/02\/caee6b0fcb5947f28089ee147dce2f25-1024x725.jpeg\" title=\"Rehearsal of La Vida Breve by Falla. Auditorio Nacional de M\u00fasica de Madrid\"><img decoding=\"async\" loading=\"lazy\" src=\"https:\/\/alfredogarcia.com\/english\/wp-content\/plugins\/justified-image-grid\/timthumb.php?src=https%3A%2F%2Falfredogarcia.com%2Fenglish%2Fwp-content%2Fuploads%2Fsites%2F5%2F2015%2F02%2Fcaee6b0fcb5947f28089ee147dce2f25-1024x725.jpeg&amp;h=365&amp;q=90&amp;f=.jpeg\" alt=\"With Juanjo Mena, conductor\" width=\"515\" height=\"365\" \/><\/a><p class=\"jig-HTMLdescription\">With Juanjo Mena, conductor<br\/>Rehearsal of La Vida Breve by Falla. Auditorio Nacional de M\u00fasica de Madrid<\/p><\/li><li><a href=\"https:\/\/alfredogarcia.com\/english\/wp-content\/uploads\/sites\/5\/2015\/02\/9e318b7f304c45e89d61d331e99cad73-666x1024.jpeg\" title=\"Rehearsals of  La Vida Breve de Falla. Auditorio Nacional de M\u00fasica de Madrid\"><img decoding=\"async\" loading=\"lazy\" src=\"https:\/\/alfredogarcia.com\/english\/wp-content\/plugins\/justified-image-grid\/timthumb.php?src=https%3A%2F%2Falfredogarcia.com%2Fenglish%2Fwp-content%2Fuploads%2Fsites%2F5%2F2015%2F02%2F9e318b7f304c45e89d61d331e99cad73-666x1024.jpeg&amp;h=365&amp;q=90&amp;f=.jpeg\" alt=\"With Cristina Faus, mezzo-soprano\" width=\"237\" height=\"365\" \/><\/a><p class=\"jig-HTMLdescription\">With Cristina Faus, mezzo-soprano<br\/>Rehearsals of  La Vida Breve de Falla. Auditorio Nacional de M\u00fasica de Madrid<\/p><\/li><li><a href=\"https:\/\/alfredogarcia.com\/english\/wp-content\/uploads\/sites\/5\/2015\/02\/roch-al-904x1024.jpg\" title=\"Festival Cl\u00e1sicos en Verano With the  Tr\u00edo Hermeneia. \u00a9 Aisha Zehni\"><img decoding=\"async\" loading=\"lazy\" src=\"https:\/\/alfredogarcia.com\/english\/wp-content\/plugins\/justified-image-grid\/timthumb.php?src=https%3A%2F%2Falfredogarcia.com%2Fenglish%2Fwp-content%2Fuploads%2Fsites%2F5%2F2015%2F02%2Froch-al-904x1024.jpg&amp;h=365&amp;q=90&amp;f=.jpg\" alt=\"Rehearsals of Beethoven&#039;s Folksongs\" width=\"322\" height=\"365\" \/><\/a><p class=\"jig-HTMLdescription\">Rehearsals of Beethoven's Folksongs<br\/>Festival Cl\u00e1sicos en Verano With the  Tr\u00edo Hermeneia. \u00a9 Aisha Zehni<\/p><\/li><li><a href=\"https:\/\/alfredogarcia.com\/english\/wp-content\/uploads\/sites\/5\/2016\/03\/Alfredo-Garc\u00eda-backstage-caballero-1024x732.jpg\" title=\"With Mar\u00eda Jos\u00e9 Su\u00e1rez and Eduardo Santamar\u00eda\"><img decoding=\"async\" loading=\"lazy\" src=\"https:\/\/alfredogarcia.com\/english\/wp-content\/plugins\/justified-image-grid\/timthumb.php?src=https%3A%2F%2Falfredogarcia.com%2Fenglish%2Fwp-content%2Fuploads%2Fsites%2F5%2F2016%2F03%2FAlfredo-Garc%C3%ADa-backstage-caballero-1024x732.jpg&amp;h=365&amp;q=90&amp;f=.jpg\" alt=\"Rehearsal of El Caballero de la Triste Figura by Tom\u00e1s Marco\" width=\"510\" height=\"365\" \/><\/a><p class=\"jig-HTMLdescription\">Rehearsal of El Caballero de la Triste Figura by Tom\u00e1s Marco<br\/>With Mar\u00eda Jos\u00e9 Su\u00e1rez and Eduardo Santamar\u00eda<\/p><\/li><li><a href=\"https:\/\/alfredogarcia.com\/english\/wp-content\/uploads\/sites\/5\/2017\/09\/24082017-_MG_4249b-1024x683.jpg\"><img decoding=\"async\" loading=\"lazy\" src=\"https:\/\/alfredogarcia.com\/english\/wp-content\/plugins\/justified-image-grid\/timthumb.php?src=https%3A%2F%2Falfredogarcia.com%2Fenglish%2Fwp-content%2Fuploads%2Fsites%2F5%2F2017%2F09%2F24082017-_MG_4249b-1024x683.jpg&amp;h=365&amp;q=90&amp;f=.jpg\" alt=\"Interview for Telemadrid before the concert\" width=\"547\" height=\"365\" \/><\/a><p class=\"jig-HTMLdescription\">Interview for Telemadrid before the concert<br\/><\/p><\/li><li><a href=\"https:\/\/alfredogarcia.com\/english\/wp-content\/uploads\/sites\/5\/2015\/02\/IMG_6029.jpg\" title=\"Recording the CD Canciones Cervantinas \u00a9 Aisha Zehni\"><img decoding=\"async\" loading=\"lazy\" src=\"https:\/\/alfredogarcia.com\/english\/wp-content\/plugins\/justified-image-grid\/timthumb.php?src=https%3A%2F%2Falfredogarcia.com%2Fenglish%2Fwp-content%2Fuploads%2Fsites%2F5%2F2015%2F02%2FIMG_6029.jpg&amp;h=365&amp;q=90&amp;f=.jpg\" alt=\"With the pianist Ant\u00f3n Card\u00f3\" width=\"644\" height=\"365\" \/><\/a><p class=\"jig-HTMLdescription\">With the pianist Ant\u00f3n Card\u00f3<br\/>Recording the CD Canciones Cervantinas \u00a9 Aisha Zehni<\/p><\/li><li><a href=\"https:\/\/alfredogarcia.com\/english\/wp-content\/uploads\/sites\/5\/2015\/02\/IMG_6041.jpg\" title=\"Recording the CD Canciones Cervantinas \u00a9 Aisha Zehni\"><img decoding=\"async\" loading=\"lazy\" src=\"https:\/\/alfredogarcia.com\/english\/wp-content\/plugins\/justified-image-grid\/timthumb.php?src=https%3A%2F%2Falfredogarcia.com%2Fenglish%2Fwp-content%2Fuploads%2Fsites%2F5%2F2015%2F02%2FIMG_6041.jpg&amp;h=365&amp;q=90&amp;f=.jpg\" alt=\"Recording session\" width=\"644\" height=\"365\" \/><\/a><p class=\"jig-HTMLdescription\">Recording session<br\/>Recording the CD Canciones Cervantinas \u00a9 Aisha Zehni<\/p><\/li><li><a href=\"https:\/\/alfredogarcia.com\/english\/wp-content\/uploads\/sites\/5\/2015\/02\/IMG_6047.jpg\" title=\"Recording the CD Canciones Cervantinas \u00a9 Aisha Zehni\"><img decoding=\"async\" loading=\"lazy\" src=\"https:\/\/alfredogarcia.com\/english\/wp-content\/plugins\/justified-image-grid\/timthumb.php?src=https%3A%2F%2Falfredogarcia.com%2Fenglish%2Fwp-content%2Fuploads%2Fsites%2F5%2F2015%2F02%2FIMG_6047.jpg&amp;h=365&amp;q=90&amp;f=.jpg\" alt=\"With the pianist Ant\u00f3n Card\u00f3\" width=\"644\" height=\"365\" \/><\/a><p class=\"jig-HTMLdescription\">With the pianist Ant\u00f3n Card\u00f3<br\/>Recording the CD Canciones Cervantinas \u00a9 Aisha Zehni<\/p><\/li><li><a href=\"https:\/\/alfredogarcia.com\/english\/wp-content\/uploads\/sites\/5\/2015\/01\/la-foto-4c.jpg\" title=\"In the program &quot;La D\u00e1rsena&quot; with Jes\u00fas Trujillo\"><img decoding=\"async\" loading=\"lazy\" src=\"https:\/\/alfredogarcia.com\/english\/wp-content\/plugins\/justified-image-grid\/timthumb.php?src=https%3A%2F%2Falfredogarcia.com%2Fenglish%2Fwp-content%2Fuploads%2Fsites%2F5%2F2015%2F01%2Fla-foto-4c.jpg&amp;h=365&amp;q=90&amp;f=.jpg\" alt=\"Interview in Radio Cl\u00e1sica\" width=\"298\" height=\"365\" \/><\/a><p class=\"jig-HTMLdescription\">Interview in Radio Cl\u00e1sica<br\/>In the program \"La D\u00e1rsena\" with Jes\u00fas Trujillo<\/p><\/li><li><a href=\"https:\/\/alfredogarcia.com\/english\/wp-content\/uploads\/sites\/5\/2015\/02\/IMG_2962-1024x800.jpg\" title=\"Interview and performance in the program of  Radio Cl\u00e1sica &quot;La D\u00e1rsena&quot; singing Beethoven&#039;s Folksongs\"><img decoding=\"async\" loading=\"lazy\" src=\"https:\/\/alfredogarcia.com\/english\/wp-content\/plugins\/justified-image-grid\/timthumb.php?src=https%3A%2F%2Falfredogarcia.com%2Fenglish%2Fwp-content%2Fuploads%2Fsites%2F5%2F2015%2F02%2FIMG_2962-1024x800.jpg&amp;h=365&amp;q=90&amp;f=.jpg\" alt=\"With the Tr\u00edo Hermeneia\" width=\"467\" height=\"365\" \/><\/a><p class=\"jig-HTMLdescription\">With the Tr\u00edo Hermeneia<br\/>Interview and performance in the program of  Radio Cl\u00e1sica \"La D\u00e1rsena\" singing Beethoven's Folksongs<\/p><\/li><li><a href=\"https:\/\/alfredogarcia.com\/english\/wp-content\/uploads\/sites\/5\/2015\/02\/IMG_2766b-1024x591.jpg\" title=\"\u00a9 Aisha Zehni\"><img decoding=\"async\" loading=\"lazy\" src=\"https:\/\/alfredogarcia.com\/english\/wp-content\/plugins\/justified-image-grid\/timthumb.php?src=https%3A%2F%2Falfredogarcia.com%2Fenglish%2Fwp-content%2Fuploads%2Fsites%2F5%2F2015%2F02%2FIMG_2766b-1024x591.jpg&amp;h=365&amp;q=90&amp;f=.jpg\" alt=\"With the Tr\u00edo Hermeneia\" width=\"632\" height=\"365\" \/><\/a><p class=\"jig-HTMLdescription\">With the Tr\u00edo Hermeneia<br\/>\u00a9 Aisha Zehni<\/p><\/li><li><a href=\"https:\/\/alfredogarcia.com\/english\/wp-content\/uploads\/sites\/5\/2015\/02\/e38036a0be254acc829012b8db850846-414x1024.jpeg\" title=\"Rehearsal of La Vida Breve by Falla\"><img decoding=\"async\" loading=\"lazy\" src=\"https:\/\/alfredogarcia.com\/english\/wp-content\/plugins\/justified-image-grid\/timthumb.php?src=https%3A%2F%2Falfredogarcia.com%2Fenglish%2Fwp-content%2Fuploads%2Fsites%2F5%2F2015%2F02%2Fe38036a0be254acc829012b8db850846-414x1024.jpeg&amp;h=365&amp;q=90&amp;f=.jpeg\" alt=\"Auditorio Nacional de M\u00fasica de Madrid\" width=\"147\" height=\"365\" \/><\/a><p class=\"jig-HTMLdescription\">Auditorio Nacional de M\u00fasica de Madrid<br\/>Rehearsal of La Vida Breve by Falla<\/p><\/li><li><a href=\"https:\/\/alfredogarcia.com\/english\/wp-content\/uploads\/sites\/5\/2015\/02\/DSC_3281b.jpg\" title=\"DSC_3281b\"><img decoding=\"async\" loading=\"lazy\" src=\"https:\/\/alfredogarcia.com\/english\/wp-content\/plugins\/justified-image-grid\/timthumb.php?src=https%3A%2F%2Falfredogarcia.com%2Fenglish%2Fwp-content%2Fuploads%2Fsites%2F5%2F2015%2F02%2FDSC_3281b.jpg&amp;h=365&amp;q=90&amp;f=.jpg\" alt=\"Recording the CD  &quot;Poems in Prose&quot; by Miguel Pons\" width=\"267\" height=\"365\" \/><\/a><p class=\"jig-HTMLdescription\">Recording the CD  \"Poems in Prose\" by Miguel Pons<br\/>DSC_3281b<\/p><\/li><li><a href=\"https:\/\/alfredogarcia.com\/english\/wp-content\/uploads\/sites\/5\/2015\/02\/ENSAYO-C.DUQUE_03-1024x680.jpg\" title=\"Rehearsals for the concert in the  Festival Meloritmos\"><img decoding=\"async\" loading=\"lazy\" src=\"https:\/\/alfredogarcia.com\/english\/wp-content\/plugins\/justified-image-grid\/timthumb.php?src=https%3A%2F%2Falfredogarcia.com%2Fenglish%2Fwp-content%2Fuploads%2Fsites%2F5%2F2015%2F02%2FENSAYO-C.DUQUE_03-1024x680.jpg&amp;h=365&amp;q=90&amp;f=.jpg\" alt=\"With the pianist Jorge Robaina\" width=\"549\" height=\"365\" \/><\/a><p class=\"jig-HTMLdescription\">With the pianist Jorge Robaina<br\/>Rehearsals for the concert in the  Festival Meloritmos<\/p><\/li><li><a href=\"https:\/\/alfredogarcia.com\/english\/wp-content\/uploads\/sites\/5\/2015\/02\/10608189_10152766944401101_7505359600769178123_o-1024x576.jpg\" title=\"Rehearsal for the recording of the CD Canciones Cervantinas\"><img decoding=\"async\" loading=\"lazy\" src=\"https:\/\/alfredogarcia.com\/english\/wp-content\/plugins\/justified-image-grid\/timthumb.php?src=https%3A%2F%2Falfredogarcia.com%2Fenglish%2Fwp-content%2Fuploads%2Fsites%2F5%2F2015%2F02%2F10608189_10152766944401101_7505359600769178123_o-1024x576.jpg&amp;h=365&amp;q=90&amp;f=.jpg\" alt=\"With the pianist Ant\u00f3n Card\u00f3\" width=\"648\" height=\"365\" \/><\/a><p class=\"jig-HTMLdescription\">With the pianist Ant\u00f3n Card\u00f3<br\/>Rehearsal for the recording of the CD Canciones Cervantinas<\/p><\/li><\/ul><\/noscript><\/div>\n\n[\/et_pb_tab][et_pb_tab title=&#8221;FRIENDS&#8221; _builder_version=&#8221;3.22.7&#8243; body_font=&#8221;||||&#8221; body_line_height=&#8221;2em&#8221; tab_text_color=&#8221;#bfbfbf&#8221; tab_letter_spacing=&#8221;12&#8243; tab_line_height=&#8221;18&#8243; body_line_height_tablet=&#8221;2em&#8221; body_line_height_phone=&#8221;2em&#8221; tab_letter_spacing_tablet=&#8221;12&#8243; tab_letter_spacing_phone=&#8221;12&#8243; tab_line_height_tablet=&#8221;18&#8243; tab_line_height_phone=&#8221;18&#8243;]\n<div id=\"jig6\" class=\"justified-image-grid jig-0b23fd075bdb25378759bbf2eac12dda jig-preset-2\"><div class=\"jig-clearfix\"><\/div><noscript id=\"jig6-html\" class=\"justified-image-grid-html\" data-lazy-src=\"skiplazyload\" data-src=\"skipunveillazyload\"><ul><li><a href=\"https:\/\/alfredogarcia.com\/english\/wp-content\/uploads\/sites\/5\/2015\/02\/Pl\u00e1cido-Domingo-Alfredo-Garc\u00eda-1024x768.jpg\" title=\"With Pl\u00e1cido Domingo at the Lincoln Center in York\"><img decoding=\"async\" loading=\"lazy\" src=\"https:\/\/alfredogarcia.com\/english\/wp-content\/plugins\/justified-image-grid\/timthumb.php?src=https%3A%2F%2Falfredogarcia.com%2Fenglish%2Fwp-content%2Fuploads%2Fsites%2F5%2F2015%2F02%2FPl%C3%A1cido-Domingo-Alfredo-Garc%C3%ADa-1024x768.jpg&amp;h=365&amp;q=90&amp;f=.jpg\" alt=\"At the Lincoln Center with the New York Philharmonic\" width=\"486\" height=\"365\" \/><\/a><p class=\"jig-HTMLdescription\">At the Lincoln Center with the New York Philharmonic<br\/>With Pl\u00e1cido Domingo at the Lincoln Center in York<\/p><\/li><li><a href=\"https:\/\/alfredogarcia.com\/english\/wp-content\/uploads\/sites\/5\/2015\/02\/10704349_10152752231698523_6657456935134531407_o-1024x768.jpg\" title=\"With Rafael Fr\u00fchbeck de Burgos in New York\"><img decoding=\"async\" loading=\"lazy\" src=\"https:\/\/alfredogarcia.com\/english\/wp-content\/plugins\/justified-image-grid\/timthumb.php?src=https%3A%2F%2Falfredogarcia.com%2Fenglish%2Fwp-content%2Fuploads%2Fsites%2F5%2F2015%2F02%2F10704349_10152752231698523_6657456935134531407_o-1024x768.jpg&amp;h=365&amp;q=90&amp;f=.jpg\" alt=\"Lincoln Center and the New York Philharmonic\" width=\"486\" height=\"365\" \/><\/a><p class=\"jig-HTMLdescription\">Lincoln Center and the New York Philharmonic<br\/>With Rafael Fr\u00fchbeck de Burgos in New York<\/p><\/li><li><a href=\"https:\/\/alfredogarcia.com\/english\/wp-content\/uploads\/sites\/5\/2015\/02\/2012-11-08-22.15.21-HDR-765x1024.jpg\" title=\"With Nancy Fabiola Herrera, mezzo-soprano\"><img decoding=\"async\" loading=\"lazy\" src=\"https:\/\/alfredogarcia.com\/english\/wp-content\/plugins\/justified-image-grid\/timthumb.php?src=https%3A%2F%2Falfredogarcia.com%2Fenglish%2Fwp-content%2Fuploads%2Fsites%2F5%2F2015%2F02%2F2012-11-08-22.15.21-HDR-765x1024.jpg&amp;h=365&amp;q=90&amp;f=.jpg\" alt=\"In Los Angeles with Los Angeles Philharmonic\" width=\"272\" height=\"365\" \/><\/a><p class=\"jig-HTMLdescription\">In Los Angeles with Los Angeles Philharmonic<br\/>With Nancy Fabiola Herrera, mezzo-soprano<\/p><\/li><li><a href=\"https:\/\/alfredogarcia.com\/english\/wp-content\/uploads\/sites\/5\/2017\/06\/FullSizeRender-1024x817.jpg\" title=\"With Juanjo Mena, conductor, Elena de la Merced, soprano and Jos\u00e9 Manuel S\u00e1nchez, tenor.\"><img decoding=\"async\" loading=\"lazy\" src=\"https:\/\/alfredogarcia.com\/english\/wp-content\/plugins\/justified-image-grid\/timthumb.php?src=https%3A%2F%2Falfredogarcia.com%2Fenglish%2Fwp-content%2Fuploads%2Fsites%2F5%2F2017%2F06%2FFullSizeRender-1024x817.jpg&amp;h=365&amp;q=90&amp;f=.jpg\" alt=\"Master Peter&#039;s Puppet Show by Falla with the National Orchestra of Spain\" width=\"457\" height=\"365\" \/><\/a><p class=\"jig-HTMLdescription\">Master Peter's Puppet Show by Falla with the National Orchestra of Spain<br\/>With Juanjo Mena, conductor, Elena de la Merced, soprano and Jos\u00e9 Manuel S\u00e1nchez, tenor.<\/p><\/li><li><a href=\"https:\/\/alfredogarcia.com\/english\/wp-content\/uploads\/sites\/5\/2015\/11\/IMG_0410-1024x528.jpg\" title=\"With the journalist Alicia Perris\"><img decoding=\"async\" loading=\"lazy\" src=\"https:\/\/alfredogarcia.com\/english\/wp-content\/plugins\/justified-image-grid\/timthumb.php?src=https%3A%2F%2Falfredogarcia.com%2Fenglish%2Fwp-content%2Fuploads%2Fsites%2F5%2F2015%2F11%2FIMG_0410-1024x528.jpg&amp;h=365&amp;q=90&amp;f=.jpg\" alt=\"In Radio Cl\u00e1sica (Radio Nacional de Espa\u00f1a)\" width=\"707\" height=\"365\" \/><\/a><p class=\"jig-HTMLdescription\">In Radio Cl\u00e1sica (Radio Nacional de Espa\u00f1a)<br\/>With the journalist Alicia Perris<\/p><\/li><li><a href=\"https:\/\/alfredogarcia.com\/english\/wp-content\/uploads\/sites\/5\/2015\/02\/10372809_10152529026843523_5192837604122988780_o-1024x765.jpg\" title=\"With Arturo Reverter\"><img decoding=\"async\" loading=\"lazy\" src=\"https:\/\/alfredogarcia.com\/english\/wp-content\/plugins\/justified-image-grid\/timthumb.php?src=https%3A%2F%2Falfredogarcia.com%2Fenglish%2Fwp-content%2Fuploads%2Fsites%2F5%2F2015%2F02%2F10372809_10152529026843523_5192837604122988780_o-1024x765.jpg&amp;h=365&amp;q=90&amp;f=.jpg\" alt=\"Dedicating his book &quot;Las mejores arias de Verdi&quot;\" width=\"488\" height=\"365\" \/><\/a><p class=\"jig-HTMLdescription\">Dedicating his book \"Las mejores arias de Verdi\"<br\/>With Arturo Reverter<\/p><\/li><li><a href=\"https:\/\/alfredogarcia.com\/english\/wp-content\/uploads\/sites\/5\/2015\/02\/75994_10202446217490202_708363274_n.jpg\" title=\"With the composer John  Adams and Cecilia Pi\u00f1ero\"><img decoding=\"async\" loading=\"lazy\" src=\"https:\/\/alfredogarcia.com\/english\/wp-content\/plugins\/justified-image-grid\/timthumb.php?src=https%3A%2F%2Falfredogarcia.com%2Fenglish%2Fwp-content%2Fuploads%2Fsites%2F5%2F2015%2F02%2F75994_10202446217490202_708363274_n.jpg&amp;h=365&amp;q=90&amp;f=.jpg\" alt=\"Round table in Madrid\" width=\"431\" height=\"365\" \/><\/a><p class=\"jig-HTMLdescription\">Round table in Madrid<br\/>With the composer John  Adams and Cecilia Pi\u00f1ero<\/p><\/li><li><a href=\"https:\/\/alfredogarcia.com\/english\/wp-content\/uploads\/sites\/5\/2016\/03\/IMG_6972AAA-01b-683x1024.jpeg\" title=\"With Francisco Garc\u00eda Rosado, director of Opera World magazine\"><img decoding=\"async\" loading=\"lazy\" src=\"https:\/\/alfredogarcia.com\/english\/wp-content\/plugins\/justified-image-grid\/timthumb.php?src=https%3A%2F%2Falfredogarcia.com%2Fenglish%2Fwp-content%2Fuploads%2Fsites%2F5%2F2016%2F03%2FIMG_6972AAA-01b-683x1024.jpeg&amp;h=365&amp;q=90&amp;f=.jpeg\" alt=\"In the Teatro Real of Madrid. Photo: Aisha Zehni\" width=\"243\" height=\"365\" \/><\/a><p class=\"jig-HTMLdescription\">In the Teatro Real of Madrid. Photo: Aisha Zehni<br\/>With Francisco Garc\u00eda Rosado, director of Opera World magazine<\/p><\/li><li><a href=\"https:\/\/alfredogarcia.com\/english\/wp-content\/uploads\/sites\/5\/2015\/02\/MG_8369-1024x683.jpg\" title=\"Singers of the Messiah by H\u00e4ndel\"><img decoding=\"async\" loading=\"lazy\" src=\"https:\/\/alfredogarcia.com\/english\/wp-content\/plugins\/justified-image-grid\/timthumb.php?src=https%3A%2F%2Falfredogarcia.com%2Fenglish%2Fwp-content%2Fuploads%2Fsites%2F5%2F2015%2F02%2FMG_8369-1024x683.jpg&amp;h=365&amp;q=90&amp;f=.jpg\" alt=\"With Agust\u00edn Prunel, Raquel Lojendio and Cristina Faus\" width=\"547\" height=\"365\" \/><\/a><p class=\"jig-HTMLdescription\">With Agust\u00edn Prunel, Raquel Lojendio and Cristina Faus<br\/>Singers of the Messiah by H\u00e4ndel<\/p><\/li><li><a href=\"https:\/\/alfredogarcia.com\/english\/wp-content\/uploads\/sites\/5\/2015\/04\/IMG_8883-1024x780.jpg\" title=\"With the conductor Jos\u00e9 Ram\u00f3n Encinar\"><img decoding=\"async\" loading=\"lazy\" src=\"https:\/\/alfredogarcia.com\/english\/wp-content\/plugins\/justified-image-grid\/timthumb.php?src=https%3A%2F%2Falfredogarcia.com%2Fenglish%2Fwp-content%2Fuploads%2Fsites%2F5%2F2015%2F04%2FIMG_8883-1024x780.jpg&amp;h=365&amp;q=90&amp;f=.jpg\" alt=\"With the conductor Jos\u00e9 Ram\u00f3n Encinar\" width=\"479\" height=\"365\" \/><\/a><p class=\"jig-HTMLdescription\">With the conductor Jos\u00e9 Ram\u00f3n Encinar<\/p><\/li><li><a href=\"https:\/\/alfredogarcia.com\/english\/wp-content\/uploads\/sites\/5\/2015\/02\/1401916_10152125750393523_1407170082_o-1024x765.jpg\" title=\"With the composer Emilio Caland\u00edn\"><img decoding=\"async\" loading=\"lazy\" src=\"https:\/\/alfredogarcia.com\/english\/wp-content\/plugins\/justified-image-grid\/timthumb.php?src=https%3A%2F%2Falfredogarcia.com%2Fenglish%2Fwp-content%2Fuploads%2Fsites%2F5%2F2015%2F02%2F1401916_10152125750393523_1407170082_o-1024x765.jpg&amp;h=365&amp;q=90&amp;f=.jpg\" alt=\"Messiah by H\u00e4ndel at the  Palau de la M\u00fasica de Valencia\" width=\"488\" height=\"365\" \/><\/a><p class=\"jig-HTMLdescription\">Messiah by H\u00e4ndel at the  Palau de la M\u00fasica de Valencia<br\/>With the composer Emilio Caland\u00edn<\/p><\/li><li><a href=\"https:\/\/alfredogarcia.com\/english\/wp-content\/uploads\/sites\/5\/2015\/02\/IMG_2766-1024x1006.jpg\" title=\"With the Tr\u00edo Hermeneia\"><img decoding=\"async\" loading=\"lazy\" src=\"https:\/\/alfredogarcia.com\/english\/wp-content\/plugins\/justified-image-grid\/timthumb.php?src=https%3A%2F%2Falfredogarcia.com%2Fenglish%2Fwp-content%2Fuploads%2Fsites%2F5%2F2015%2F02%2FIMG_2766-1024x1006.jpg&amp;h=365&amp;q=90&amp;f=.jpg\" alt=\"With the Tr\u00edo Hermeneia\" width=\"371\" height=\"365\" \/><\/a><p class=\"jig-HTMLdescription\">With the Tr\u00edo Hermeneia<\/p><\/li><li><a href=\"https:\/\/alfredogarcia.com\/english\/wp-content\/uploads\/sites\/5\/2015\/02\/10380142_10152464802193523_4694935834288949424_o-988x1024.jpg\" title=\"With Reto Nickler, director\"><img decoding=\"async\" loading=\"lazy\" src=\"https:\/\/alfredogarcia.com\/english\/wp-content\/plugins\/justified-image-grid\/timthumb.php?src=https%3A%2F%2Falfredogarcia.com%2Fenglish%2Fwp-content%2Fuploads%2Fsites%2F5%2F2015%2F02%2F10380142_10152464802193523_4694935834288949424_o-988x1024.jpg&amp;h=365&amp;q=90&amp;f=.jpg\" alt=\"Madrid\" width=\"352\" height=\"365\" \/><\/a><p class=\"jig-HTMLdescription\">Madrid<br\/>With Reto Nickler, director<\/p><\/li><li><a href=\"https:\/\/alfredogarcia.com\/english\/wp-content\/uploads\/sites\/5\/2015\/02\/10515319_10152777135116101_6635184856287328441_o-1024x576.jpg\" title=\"At the Real Academia de Bellas Artes de San Fernando\"><img decoding=\"async\" loading=\"lazy\" src=\"https:\/\/alfredogarcia.com\/english\/wp-content\/plugins\/justified-image-grid\/timthumb.php?src=https%3A%2F%2Falfredogarcia.com%2Fenglish%2Fwp-content%2Fuploads%2Fsites%2F5%2F2015%2F02%2F10515319_10152777135116101_6635184856287328441_o-1024x576.jpg&amp;h=365&amp;q=90&amp;f=.jpg\" alt=\"Posthumous homage to Rafael Fr\u00fchbeck de Burgos. With Rafael Fr\u00fchbeck, Marta Rozas and Jos\u00e9 Luis Garc\u00eda del Busto.\" width=\"648\" height=\"365\" \/><\/a><p class=\"jig-HTMLdescription\">Posthumous homage to Rafael Fr\u00fchbeck de Burgos. With Rafael Fr\u00fchbeck, Marta Rozas and Jos\u00e9 Luis Garc\u00eda del Busto.<br\/>At the Real Academia de Bellas Artes de San Fernando<\/p><\/li><li><a href=\"https:\/\/alfredogarcia.com\/english\/wp-content\/uploads\/sites\/5\/2015\/02\/10641085_10152768431736101_3642625509181489607_n.jpg\" title=\"With Ant\u00f3n Garc\u00eda Abril, Zandra McMaster, Jos\u00e9 Ferrero and Mar\u00eda Luisa Maeso\"><img decoding=\"async\" loading=\"lazy\" src=\"https:\/\/alfredogarcia.com\/english\/wp-content\/plugins\/justified-image-grid\/timthumb.php?src=https%3A%2F%2Falfredogarcia.com%2Fenglish%2Fwp-content%2Fuploads%2Fsites%2F5%2F2015%2F02%2F10641085_10152768431736101_3642625509181489607_n.jpg&amp;h=365&amp;q=90&amp;f=.jpg\" alt=\"Auditorio Nacional de Madrid\" width=\"648\" height=\"365\" \/><\/a><p class=\"jig-HTMLdescription\">Auditorio Nacional de Madrid<br\/>With Ant\u00f3n Garc\u00eda Abril, Zandra McMaster, Jos\u00e9 Ferrero and Mar\u00eda Luisa Maeso<\/p><\/li><li><a href=\"https:\/\/alfredogarcia.com\/english\/wp-content\/uploads\/sites\/5\/2015\/02\/10714151_10152752230703523_4597778643544207812_o-768x1024.jpg\" title=\"With Rafael Fr\u00fchbeck de Burgos in Israel\"><img decoding=\"async\" loading=\"lazy\" src=\"https:\/\/alfredogarcia.com\/english\/wp-content\/plugins\/justified-image-grid\/timthumb.php?src=https%3A%2F%2Falfredogarcia.com%2Fenglish%2Fwp-content%2Fuploads%2Fsites%2F5%2F2015%2F02%2F10714151_10152752230703523_4597778643544207812_o-768x1024.jpg&amp;h=365&amp;q=90&amp;f=.jpg\" alt=\"Israel Philharmonic\" width=\"273\" height=\"365\" \/><\/a><p class=\"jig-HTMLdescription\">Israel Philharmonic<br\/>With Rafael Fr\u00fchbeck de Burgos in Israel<\/p><\/li><li><a href=\"https:\/\/alfredogarcia.com\/english\/wp-content\/uploads\/sites\/5\/2015\/02\/8172839936_7646f58aa9_o-1024x898.jpg\" title=\"In Los Angeles with Los Angeles Philharmonic\"><img decoding=\"async\" loading=\"lazy\" src=\"https:\/\/alfredogarcia.com\/english\/wp-content\/plugins\/justified-image-grid\/timthumb.php?src=https%3A%2F%2Falfredogarcia.com%2Fenglish%2Fwp-content%2Fuploads%2Fsites%2F5%2F2015%2F02%2F8172839936_7646f58aa9_o-1024x898.jpg&amp;h=365&amp;q=90&amp;f=.jpg\" alt=\"Walt Disney Concert Hall. La Vida Breve by Falla\" width=\"416\" height=\"365\" \/><\/a><p class=\"jig-HTMLdescription\">Walt Disney Concert Hall. La Vida Breve by Falla<br\/>In Los Angeles with Los Angeles Philharmonic<\/p><\/li><li><a href=\"https:\/\/alfredogarcia.com\/english\/wp-content\/uploads\/sites\/5\/2015\/02\/1389187822797.jpg\" title=\"Interview in Radio Cl\u00e1sica\"><img decoding=\"async\" loading=\"lazy\" src=\"https:\/\/alfredogarcia.com\/english\/wp-content\/plugins\/justified-image-grid\/timthumb.php?src=https%3A%2F%2Falfredogarcia.com%2Fenglish%2Fwp-content%2Fuploads%2Fsites%2F5%2F2015%2F02%2F1389187822797.jpg&amp;h=365&amp;q=90&amp;f=.jpg\" alt=\"With Jes\u00fas Trujillo in the program &quot;La D\u00e1rsena&quot;. Radio Cl\u00e1sica. RNE\" width=\"486\" height=\"365\" \/><\/a><p class=\"jig-HTMLdescription\">With Jes\u00fas Trujillo in the program \"La D\u00e1rsena\". Radio Cl\u00e1sica. RNE<br\/>Interview in Radio Cl\u00e1sica<\/p><\/li><li><a href=\"https:\/\/alfredogarcia.com\/english\/wp-content\/uploads\/sites\/5\/2015\/02\/la-foto-1-1024x765.jpg\" title=\"Andr\u00e9s Salado, Alfredo Garc\u00eda, Anna Fern\u00e1ndez and Raquel Lojendio\"><img decoding=\"async\" loading=\"lazy\" src=\"https:\/\/alfredogarcia.com\/english\/wp-content\/plugins\/justified-image-grid\/timthumb.php?src=https%3A%2F%2Falfredogarcia.com%2Fenglish%2Fwp-content%2Fuploads%2Fsites%2F5%2F2015%2F02%2Fla-foto-1-1024x765.jpg&amp;h=365&amp;q=90&amp;f=.jpg\" alt=\"Rehearsals of  Il Segreto di Susanna by Wolf-Ferrari\" width=\"488\" height=\"365\" \/><\/a><p class=\"jig-HTMLdescription\">Rehearsals of  Il Segreto di Susanna by Wolf-Ferrari<br\/>Andr\u00e9s Salado, Alfredo Garc\u00eda, Anna Fern\u00e1ndez and Raquel Lojendio<\/p><\/li><li><a href=\"https:\/\/alfredogarcia.com\/english\/wp-content\/uploads\/sites\/5\/2015\/02\/La-Vida-Breve.-Sevilla-1024x768.jpg\" title=\"Teatro de La Maestranza de Sevilla\"><img decoding=\"async\" loading=\"lazy\" src=\"https:\/\/alfredogarcia.com\/english\/wp-content\/plugins\/justified-image-grid\/timthumb.php?src=https%3A%2F%2Falfredogarcia.com%2Fenglish%2Fwp-content%2Fuploads%2Fsites%2F5%2F2015%2F02%2FLa-Vida-Breve.-Sevilla-1024x768.jpg&amp;h=365&amp;q=90&amp;f=.jpg\" alt=\"La Vida Breve by Falla\" width=\"486\" height=\"365\" \/><\/a><p class=\"jig-HTMLdescription\">La Vida Breve by Falla<br\/>Teatro de La Maestranza de Sevilla<\/p><\/li><li><a href=\"https:\/\/alfredogarcia.com\/english\/wp-content\/uploads\/sites\/5\/2015\/02\/2012-11-01-22.14.04-HDR-1024x765.jpg\" title=\"In Toronto with the Toronto Symphony Orchestra\"><img decoding=\"async\" loading=\"lazy\" src=\"https:\/\/alfredogarcia.com\/english\/wp-content\/plugins\/justified-image-grid\/timthumb.php?src=https%3A%2F%2Falfredogarcia.com%2Fenglish%2Fwp-content%2Fuploads%2Fsites%2F5%2F2015%2F02%2F2012-11-01-22.14.04-HDR-1024x765.jpg&amp;h=365&amp;q=90&amp;f=.jpg\" alt=\"Alfredo Garc\u00eda, Miquel Ram\u00f3n, Gustavo Pe\u00f1a, Nancy Fabiola and Cristina Faus\" width=\"488\" height=\"365\" \/><\/a><p class=\"jig-HTMLdescription\">Alfredo Garc\u00eda, Miquel Ram\u00f3n, Gustavo Pe\u00f1a, Nancy Fabiola and Cristina Faus<br\/>In Toronto with the Toronto Symphony Orchestra<\/p><\/li><\/ul><\/noscript><\/div>\n\n[\/et_pb_tab][\/et_pb_tabs][\/et_pb_column][\/et_pb_row][\/et_pb_section]\n","protected":false},"excerpt":{"rendered":"<p>________________________________________ Alfredo Garcia showed authority and grandeur \u00a0 \u00a0 \u00a0 \u00a0 \u00a0 \u00a0 \u00a0 \u00a0 \u00a0 \u00a0 \u00a0 \u00a0 \u00a0 \u00a0 \u00a0 \u00a0 \u00a0 \u00a0 \u00a0 \u00a0 \u00a0 \u00a0 \u00a0 \u00a0 \u00a0 \u00a0 \u00a0 \u00a0 \u00a0 La Raz\u00f3n ________________________________________ Alfredo Garcia showed authority and grandeur \u00a0 \u00a0 \u00a0 \u00a0 \u00a0 \u00a0 \u00a0 \u00a0 \u00a0 \u00a0 [&hellip;]<\/p>\n","protected":false},"author":1,"featured_media":0,"parent":0,"menu_order":0,"comment_status":"open","ping_status":"closed","template":"","meta":{"_et_pb_use_builder":"on","_et_pb_old_content":"","_et_gb_content_width":"","_mi_skip_tracking":false,"_links_to":"","_links_to_target":""},"yoast_head":"<!-- This site is optimized with the Yoast SEO plugin v20.3 - https:\/\/yoast.com\/wordpress\/plugins\/seo\/ -->\n<title>Alfredo Garc\u00eda, bar\u00edtono. Galer\u00eda fotogr\u00e1fica<\/title>\n<meta name=\"description\" content=\"Galer\u00eda fotogr\u00e1fica del bar\u00edtono Alfredo Garc\u00eda, con im\u00e1genes de sus actuaciones, ensayos, entrevistas y vida art\u00edstica.\" \/>\n<meta name=\"robots\" content=\"index, follow, max-snippet:-1, max-image-preview:large, max-video-preview:-1\" \/>\n<link rel=\"canonical\" href=\"https:\/\/alfredogarcia.com\/english\/gallery\/\" \/>\n<meta property=\"og:locale\" content=\"en_US\" \/>\n<meta property=\"og:type\" content=\"article\" \/>\n<meta property=\"og:title\" content=\"Alfredo Garc\u00eda, bar\u00edtono. Galer\u00eda fotogr\u00e1fica\" \/>\n<meta property=\"og:description\" content=\"Galer\u00eda fotogr\u00e1fica del bar\u00edtono Alfredo Garc\u00eda, con im\u00e1genes de sus actuaciones, ensayos, entrevistas y vida art\u00edstica.\" \/>\n<meta property=\"og:url\" content=\"https:\/\/alfredogarcia.com\/english\/gallery\/\" \/>\n<meta property=\"og:site_name\" content=\"Alfredo Garc\u00eda\" \/>\n<meta property=\"article:modified_time\" content=\"2019-11-03T18:40:57+00:00\" \/>\n<meta name=\"twitter:card\" content=\"summary_large_image\" \/>\n<meta name=\"twitter:label1\" content=\"Est. reading time\" \/>\n\t<meta name=\"twitter:data1\" content=\"6 minutes\" \/>\n<script type=\"application\/ld+json\" class=\"yoast-schema-graph\">{\"@context\":\"https:\/\/schema.org\",\"@graph\":[{\"@type\":\"WebPage\",\"@id\":\"https:\/\/alfredogarcia.com\/english\/gallery\/\",\"url\":\"https:\/\/alfredogarcia.com\/english\/gallery\/\",\"name\":\"Alfredo Garc\u00eda, bar\u00edtono. Galer\u00eda fotogr\u00e1fica\",\"isPartOf\":{\"@id\":\"https:\/\/alfredogarcia.com\/english\/#website\"},\"datePublished\":\"2015-02-11T00:30:07+00:00\",\"dateModified\":\"2019-11-03T18:40:57+00:00\",\"description\":\"Galer\u00eda fotogr\u00e1fica del bar\u00edtono Alfredo Garc\u00eda, con im\u00e1genes de sus actuaciones, ensayos, entrevistas y vida art\u00edstica.\",\"breadcrumb\":{\"@id\":\"https:\/\/alfredogarcia.com\/english\/gallery\/#breadcrumb\"},\"inLanguage\":\"en-US\",\"potentialAction\":[{\"@type\":\"ReadAction\",\"target\":[\"https:\/\/alfredogarcia.com\/english\/gallery\/\"]}]},{\"@type\":\"BreadcrumbList\",\"@id\":\"https:\/\/alfredogarcia.com\/english\/gallery\/#breadcrumb\",\"itemListElement\":[{\"@type\":\"ListItem\",\"position\":1,\"name\":\"Portada\",\"item\":\"https:\/\/alfredogarcia.com\/english\/\"},{\"@type\":\"ListItem\",\"position\":2,\"name\":\"Gallery\"}]},{\"@type\":\"WebSite\",\"@id\":\"https:\/\/alfredogarcia.com\/english\/#website\",\"url\":\"https:\/\/alfredogarcia.com\/english\/\",\"name\":\"Alfredo Garc\u00eda\",\"description\":\"Bar\u00edtone\",\"potentialAction\":[{\"@type\":\"SearchAction\",\"target\":{\"@type\":\"EntryPoint\",\"urlTemplate\":\"https:\/\/alfredogarcia.com\/english\/?s={search_term_string}\"},\"query-input\":\"required name=search_term_string\"}],\"inLanguage\":\"en-US\"}]}<\/script>\n<!-- \/ Yoast SEO plugin. -->","yoast_head_json":{"title":"Alfredo Garc\u00eda, bar\u00edtono. Galer\u00eda fotogr\u00e1fica","description":"Galer\u00eda fotogr\u00e1fica del bar\u00edtono Alfredo Garc\u00eda, con im\u00e1genes de sus actuaciones, ensayos, entrevistas y vida art\u00edstica.","robots":{"index":"index","follow":"follow","max-snippet":"max-snippet:-1","max-image-preview":"max-image-preview:large","max-video-preview":"max-video-preview:-1"},"canonical":"https:\/\/alfredogarcia.com\/english\/gallery\/","og_locale":"en_US","og_type":"article","og_title":"Alfredo Garc\u00eda, bar\u00edtono. Galer\u00eda fotogr\u00e1fica","og_description":"Galer\u00eda fotogr\u00e1fica del bar\u00edtono Alfredo Garc\u00eda, con im\u00e1genes de sus actuaciones, ensayos, entrevistas y vida art\u00edstica.","og_url":"https:\/\/alfredogarcia.com\/english\/gallery\/","og_site_name":"Alfredo Garc\u00eda","article_modified_time":"2019-11-03T18:40:57+00:00","twitter_card":"summary_large_image","twitter_misc":{"Est. reading time":"6 minutes"},"schema":{"@context":"https:\/\/schema.org","@graph":[{"@type":"WebPage","@id":"https:\/\/alfredogarcia.com\/english\/gallery\/","url":"https:\/\/alfredogarcia.com\/english\/gallery\/","name":"Alfredo Garc\u00eda, bar\u00edtono. Galer\u00eda fotogr\u00e1fica","isPartOf":{"@id":"https:\/\/alfredogarcia.com\/english\/#website"},"datePublished":"2015-02-11T00:30:07+00:00","dateModified":"2019-11-03T18:40:57+00:00","description":"Galer\u00eda fotogr\u00e1fica del bar\u00edtono Alfredo Garc\u00eda, con im\u00e1genes de sus actuaciones, ensayos, entrevistas y vida art\u00edstica.","breadcrumb":{"@id":"https:\/\/alfredogarcia.com\/english\/gallery\/#breadcrumb"},"inLanguage":"en-US","potentialAction":[{"@type":"ReadAction","target":["https:\/\/alfredogarcia.com\/english\/gallery\/"]}]},{"@type":"BreadcrumbList","@id":"https:\/\/alfredogarcia.com\/english\/gallery\/#breadcrumb","itemListElement":[{"@type":"ListItem","position":1,"name":"Portada","item":"https:\/\/alfredogarcia.com\/english\/"},{"@type":"ListItem","position":2,"name":"Gallery"}]},{"@type":"WebSite","@id":"https:\/\/alfredogarcia.com\/english\/#website","url":"https:\/\/alfredogarcia.com\/english\/","name":"Alfredo Garc\u00eda","description":"Bar\u00edtone","potentialAction":[{"@type":"SearchAction","target":{"@type":"EntryPoint","urlTemplate":"https:\/\/alfredogarcia.com\/english\/?s={search_term_string}"},"query-input":"required name=search_term_string"}],"inLanguage":"en-US"}]}},"_links":{"self":[{"href":"https:\/\/alfredogarcia.com\/english\/wp-json\/wp\/v2\/pages\/399"}],"collection":[{"href":"https:\/\/alfredogarcia.com\/english\/wp-json\/wp\/v2\/pages"}],"about":[{"href":"https:\/\/alfredogarcia.com\/english\/wp-json\/wp\/v2\/types\/page"}],"author":[{"embeddable":true,"href":"https:\/\/alfredogarcia.com\/english\/wp-json\/wp\/v2\/users\/1"}],"replies":[{"embeddable":true,"href":"https:\/\/alfredogarcia.com\/english\/wp-json\/wp\/v2\/comments?post=399"}],"version-history":[{"count":87,"href":"https:\/\/alfredogarcia.com\/english\/wp-json\/wp\/v2\/pages\/399\/revisions"}],"predecessor-version":[{"id":210084,"href":"https:\/\/alfredogarcia.com\/english\/wp-json\/wp\/v2\/pages\/399\/revisions\/210084"}],"wp:attachment":[{"href":"https:\/\/alfredogarcia.com\/english\/wp-json\/wp\/v2\/media?parent=399"}],"curies":[{"name":"wp","href":"https:\/\/api.w.org\/{rel}","templated":true}]}}