{"id":3259,"date":"2016-03-09T14:31:21","date_gmt":"2016-03-09T14:31:21","guid":{"rendered":"http:\/\/alfredogarcia.com\/english\/?attachment_id=3259"},"modified":"2016-03-09T14:31:21","modified_gmt":"2016-03-09T14:31:21","slug":"jjolives_ocaz","status":"inherit","type":"attachment","link":"https:\/\/alfredogarcia.com\/english\/blog\/el-retablo-de-maese-pedro-manuel-de-falla-zaragoza\/jjolives_ocaz\/","title":{"rendered":"jjolives_ocaz"},"author":1,"comment_status":"open","ping_status":"closed","template":"","meta":{"_et_pb_use_builder":"","_et_pb_old_content":"","_et_gb_content_width":"","_mi_skip_tracking":false,"_links_to":"","_links_to_target":""},"yoast_head":"<!-- This site is optimized with the Yoast SEO plugin v20.3 - https:\/\/yoast.com\/wordpress\/plugins\/seo\/ -->\n<title>jjolives_ocaz - Alfredo Garc\u00eda<\/title>\n<meta name=\"description\" content=\"El Retablo de Maese Pedro de Falla en el Palau de la M\u00fasica de Valencia. Orquesta de Valencia. Alfredo Garc\u00eda, bar\u00edtono, Don Quijote. Antoni Ros Marb\u00e0 director\" \/>\n<meta name=\"robots\" content=\"index, follow, max-snippet:-1, max-image-preview:large, max-video-preview:-1\" \/>\n<link rel=\"canonical\" href=\"https:\/\/alfredogarcia.com\/english\/wp-content\/uploads\/sites\/5\/2016\/03\/jjolives_ocaz.jpg\" \/>\n<meta property=\"og:locale\" content=\"en_US\" \/>\n<meta property=\"og:type\" content=\"article\" \/>\n<meta property=\"og:title\" content=\"jjolives_ocaz - Alfredo Garc\u00eda\" \/>\n<meta property=\"og:description\" content=\"El Retablo de Maese Pedro de Falla en el Palau de la M\u00fasica de Valencia. Orquesta de Valencia. Alfredo Garc\u00eda, bar\u00edtono, Don Quijote. Antoni Ros Marb\u00e0 director\" \/>\n<meta property=\"og:url\" content=\"https:\/\/alfredogarcia.com\/english\/wp-content\/uploads\/sites\/5\/2016\/03\/jjolives_ocaz.jpg\" \/>\n<meta property=\"og:site_name\" content=\"Alfredo Garc\u00eda\" \/>\n<meta property=\"og:image\" content=\"https:\/\/alfredogarcia.com\/english\/wp-content\/uploads\/sites\/5\/2016\/03\/jjolives_ocaz.jpg\" \/>\n\t<meta property=\"og:image:width\" content=\"1655\" \/>\n\t<meta property=\"og:image:height\" content=\"1101\" \/>\n\t<meta property=\"og:image:type\" content=\"image\/jpeg\" \/>\n<meta name=\"twitter:card\" content=\"summary_large_image\" \/>\n<script type=\"application\/ld+json\" class=\"yoast-schema-graph\">{\"@context\":\"https:\/\/schema.org\",\"@graph\":[{\"@type\":\"WebPage\",\"@id\":\"https:\/\/alfredogarcia.com\/english\/wp-content\/uploads\/sites\/5\/2016\/03\/jjolives_ocaz.jpg\",\"url\":\"https:\/\/alfredogarcia.com\/english\/wp-content\/uploads\/sites\/5\/2016\/03\/jjolives_ocaz.jpg\",\"name\":\"jjolives_ocaz - Alfredo Garc\u00eda\",\"isPartOf\":{\"@id\":\"https:\/\/alfredogarcia.com\/english\/#website\"},\"datePublished\":\"2016-03-09T14:31:21+00:00\",\"dateModified\":\"2016-03-09T14:31:21+00:00\",\"description\":\"El Retablo de Maese Pedro de Falla en el Palau de la M\u00fasica de Valencia. Orquesta de Valencia. Alfredo Garc\u00eda, bar\u00edtono, Don Quijote. Antoni Ros Marb\u00e0 director\",\"breadcrumb\":{\"@id\":\"https:\/\/alfredogarcia.com\/english\/wp-content\/uploads\/sites\/5\/2016\/03\/jjolives_ocaz.jpg#breadcrumb\"},\"inLanguage\":\"en-US\",\"potentialAction\":[{\"@type\":\"ReadAction\",\"target\":[\"https:\/\/alfredogarcia.com\/english\/wp-content\/uploads\/sites\/5\/2016\/03\/jjolives_ocaz.jpg\"]}]},{\"@type\":\"BreadcrumbList\",\"@id\":\"https:\/\/alfredogarcia.com\/english\/wp-content\/uploads\/sites\/5\/2016\/03\/jjolives_ocaz.jpg#breadcrumb\",\"itemListElement\":[{\"@type\":\"ListItem\",\"position\":1,\"name\":\"Portada\",\"item\":\"https:\/\/alfredogarcia.com\/english\/\"},{\"@type\":\"ListItem\",\"position\":2,\"name\":\"El Retablo de Maese Pedro by Manuel de Falla. Zaragoza\",\"item\":\"https:\/\/alfredogarcia.com\/english\/blog\/el-retablo-de-maese-pedro-manuel-de-falla-zaragoza\/\"},{\"@type\":\"ListItem\",\"position\":3,\"name\":\"jjolives_ocaz\"}]},{\"@type\":\"WebSite\",\"@id\":\"https:\/\/alfredogarcia.com\/english\/#website\",\"url\":\"https:\/\/alfredogarcia.com\/english\/\",\"name\":\"Alfredo Garc\u00eda\",\"description\":\"Bar\u00edtone\",\"potentialAction\":[{\"@type\":\"SearchAction\",\"target\":{\"@type\":\"EntryPoint\",\"urlTemplate\":\"https:\/\/alfredogarcia.com\/english\/?s={search_term_string}\"},\"query-input\":\"required name=search_term_string\"}],\"inLanguage\":\"en-US\"}]}<\/script>\n<!-- \/ Yoast SEO plugin. -->","yoast_head_json":{"title":"jjolives_ocaz - Alfredo Garc\u00eda","description":"El Retablo de Maese Pedro de Falla en el Palau de la M\u00fasica de Valencia. Orquesta de Valencia. Alfredo Garc\u00eda, bar\u00edtono, Don Quijote. Antoni Ros Marb\u00e0 director","robots":{"index":"index","follow":"follow","max-snippet":"max-snippet:-1","max-image-preview":"max-image-preview:large","max-video-preview":"max-video-preview:-1"},"canonical":"https:\/\/alfredogarcia.com\/english\/wp-content\/uploads\/sites\/5\/2016\/03\/jjolives_ocaz.jpg","og_locale":"en_US","og_type":"article","og_title":"jjolives_ocaz - Alfredo Garc\u00eda","og_description":"El Retablo de Maese Pedro de Falla en el Palau de la M\u00fasica de Valencia. Orquesta de Valencia. Alfredo Garc\u00eda, bar\u00edtono, Don Quijote. Antoni Ros Marb\u00e0 director","og_url":"https:\/\/alfredogarcia.com\/english\/wp-content\/uploads\/sites\/5\/2016\/03\/jjolives_ocaz.jpg","og_site_name":"Alfredo Garc\u00eda","og_image":[{"width":1655,"height":1101,"url":"https:\/\/alfredogarcia.com\/english\/wp-content\/uploads\/sites\/5\/2016\/03\/jjolives_ocaz.jpg","type":"image\/jpeg"}],"twitter_card":"summary_large_image","schema":{"@context":"https:\/\/schema.org","@graph":[{"@type":"WebPage","@id":"https:\/\/alfredogarcia.com\/english\/wp-content\/uploads\/sites\/5\/2016\/03\/jjolives_ocaz.jpg","url":"https:\/\/alfredogarcia.com\/english\/wp-content\/uploads\/sites\/5\/2016\/03\/jjolives_ocaz.jpg","name":"jjolives_ocaz - Alfredo Garc\u00eda","isPartOf":{"@id":"https:\/\/alfredogarcia.com\/english\/#website"},"datePublished":"2016-03-09T14:31:21+00:00","dateModified":"2016-03-09T14:31:21+00:00","description":"El Retablo de Maese Pedro de Falla en el Palau de la M\u00fasica de Valencia. Orquesta de Valencia. Alfredo Garc\u00eda, bar\u00edtono, Don Quijote. Antoni Ros Marb\u00e0 director","breadcrumb":{"@id":"https:\/\/alfredogarcia.com\/english\/wp-content\/uploads\/sites\/5\/2016\/03\/jjolives_ocaz.jpg#breadcrumb"},"inLanguage":"en-US","potentialAction":[{"@type":"ReadAction","target":["https:\/\/alfredogarcia.com\/english\/wp-content\/uploads\/sites\/5\/2016\/03\/jjolives_ocaz.jpg"]}]},{"@type":"BreadcrumbList","@id":"https:\/\/alfredogarcia.com\/english\/wp-content\/uploads\/sites\/5\/2016\/03\/jjolives_ocaz.jpg#breadcrumb","itemListElement":[{"@type":"ListItem","position":1,"name":"Portada","item":"https:\/\/alfredogarcia.com\/english\/"},{"@type":"ListItem","position":2,"name":"El Retablo de Maese Pedro by Manuel de Falla. Zaragoza","item":"https:\/\/alfredogarcia.com\/english\/blog\/el-retablo-de-maese-pedro-manuel-de-falla-zaragoza\/"},{"@type":"ListItem","position":3,"name":"jjolives_ocaz"}]},{"@type":"WebSite","@id":"https:\/\/alfredogarcia.com\/english\/#website","url":"https:\/\/alfredogarcia.com\/english\/","name":"Alfredo Garc\u00eda","description":"Bar\u00edtone","potentialAction":[{"@type":"SearchAction","target":{"@type":"EntryPoint","urlTemplate":"https:\/\/alfredogarcia.com\/english\/?s={search_term_string}"},"query-input":"required name=search_term_string"}],"inLanguage":"en-US"}]}},"description":{"rendered":"<p class=\"attachment\"><a href='https:\/\/alfredogarcia.com\/english\/wp-content\/uploads\/sites\/5\/2016\/03\/jjolives_ocaz.jpg'><img width=\"300\" height=\"200\" src=\"https:\/\/alfredogarcia.com\/english\/wp-content\/uploads\/sites\/5\/2016\/03\/jjolives_ocaz-300x200.jpg\" class=\"attachment-medium size-medium\" alt=\"\" decoding=\"async\" loading=\"lazy\" srcset=\"https:\/\/alfredogarcia.com\/english\/wp-content\/uploads\/sites\/5\/2016\/03\/jjolives_ocaz-300x200.jpg 300w, https:\/\/alfredogarcia.com\/english\/wp-content\/uploads\/sites\/5\/2016\/03\/jjolives_ocaz-768x511.jpg 768w, https:\/\/alfredogarcia.com\/english\/wp-content\/uploads\/sites\/5\/2016\/03\/jjolives_ocaz-1024x681.jpg 1024w, https:\/\/alfredogarcia.com\/english\/wp-content\/uploads\/sites\/5\/2016\/03\/jjolives_ocaz-610x406.jpg 610w, https:\/\/alfredogarcia.com\/english\/wp-content\/uploads\/sites\/5\/2016\/03\/jjolives_ocaz-1080x718.jpg 1080w, https:\/\/alfredogarcia.com\/english\/wp-content\/uploads\/sites\/5\/2016\/03\/jjolives_ocaz.jpg 1655w\" sizes=\"(max-width: 300px) 100vw, 300px\" \/><\/a><\/p>\n"},"caption":{"rendered":"<p>????????????????????????????????????<\/p>\n"},"alt_text":"","media_type":"image","mime_type":"image\/jpeg","media_details":{"width":1655,"height":1101,"file":"2016\/03\/jjolives_ocaz.jpg","sizes":{"thumbnail":{"file":"jjolives_ocaz-150x150.jpg","width":150,"height":150,"mime_type":"image\/jpeg","source_url":"https:\/\/alfredogarcia.com\/english\/wp-content\/uploads\/sites\/5\/2016\/03\/jjolives_ocaz-150x150.jpg"},"medium":{"file":"jjolives_ocaz-300x200.jpg","width":300,"height":200,"mime_type":"image\/jpeg","source_url":"https:\/\/alfredogarcia.com\/english\/wp-content\/uploads\/sites\/5\/2016\/03\/jjolives_ocaz-300x200.jpg"},"medium_large":{"file":"jjolives_ocaz-768x511.jpg","width":768,"height":511,"mime_type":"image\/jpeg","source_url":"https:\/\/alfredogarcia.com\/english\/wp-content\/uploads\/sites\/5\/2016\/03\/jjolives_ocaz-768x511.jpg"},"large":{"file":"jjolives_ocaz-1024x681.jpg","width":1024,"height":681,"mime_type":"image\/jpeg","source_url":"https:\/\/alfredogarcia.com\/english\/wp-content\/uploads\/sites\/5\/2016\/03\/jjolives_ocaz-1024x681.jpg"},"bloom_image":{"file":"jjolives_ocaz-610x406.jpg","width":610,"height":406,"mime_type":"image\/jpeg","source_url":"https:\/\/alfredogarcia.com\/english\/wp-content\/uploads\/sites\/5\/2016\/03\/jjolives_ocaz-610x406.jpg"},"et-pb-post-main-image":{"file":"jjolives_ocaz-400x250.jpg","width":400,"height":250,"mime_type":"image\/jpeg","source_url":"https:\/\/alfredogarcia.com\/english\/wp-content\/uploads\/sites\/5\/2016\/03\/jjolives_ocaz-400x250.jpg"},"et-pb-post-main-image-fullwidth":{"file":"jjolives_ocaz-1080x675.jpg","width":1080,"height":675,"mime_type":"image\/jpeg","source_url":"https:\/\/alfredogarcia.com\/english\/wp-content\/uploads\/sites\/5\/2016\/03\/jjolives_ocaz-1080x675.jpg"},"et-pb-portfolio-image":{"file":"jjolives_ocaz-400x284.jpg","width":400,"height":284,"mime_type":"image\/jpeg","source_url":"https:\/\/alfredogarcia.com\/english\/wp-content\/uploads\/sites\/5\/2016\/03\/jjolives_ocaz-400x284.jpg"},"et-pb-portfolio-image-single":{"file":"jjolives_ocaz-1080x718.jpg","width":1080,"height":718,"mime_type":"image\/jpeg","source_url":"https:\/\/alfredogarcia.com\/english\/wp-content\/uploads\/sites\/5\/2016\/03\/jjolives_ocaz-1080x718.jpg"},"full":{"file":"jjolives_ocaz.jpg","width":1655,"height":1101,"mime_type":"image\/jpeg","source_url":"https:\/\/alfredogarcia.com\/english\/wp-content\/uploads\/sites\/5\/2016\/03\/jjolives_ocaz.jpg"}},"image_meta":{"aperture":"5","credit":"","camera":"NIKON D700","caption":"????????????????????????????????????","created_timestamp":"1214780034","copyright":"","focal_length":"185","iso":"5600","shutter_speed":"0.008","title":"","orientation":"1","keywords":[]}},"post":3258,"source_url":"https:\/\/alfredogarcia.com\/english\/wp-content\/uploads\/sites\/5\/2016\/03\/jjolives_ocaz.jpg","_links":{"self":[{"href":"https:\/\/alfredogarcia.com\/english\/wp-json\/wp\/v2\/media\/3259"}],"collection":[{"href":"https:\/\/alfredogarcia.com\/english\/wp-json\/wp\/v2\/media"}],"about":[{"href":"https:\/\/alfredogarcia.com\/english\/wp-json\/wp\/v2\/types\/attachment"}],"author":[{"embeddable":true,"href":"https:\/\/alfredogarcia.com\/english\/wp-json\/wp\/v2\/users\/1"}],"replies":[{"embeddable":true,"href":"https:\/\/alfredogarcia.com\/english\/wp-json\/wp\/v2\/comments?post=3259"}]}}